{"id":17444,"date":"2024-06-25T12:28:08","date_gmt":"2024-06-25T11:28:08","guid":{"rendered":"https:\/\/www.islabonitalovefestival.es\/?page_id=17444"},"modified":"2024-07-08T21:29:52","modified_gmt":"2024-07-08T20:29:52","slug":"haeufig-gestellte-fragen","status":"publish","type":"page","link":"https:\/\/www.islabonitalovefestival.es\/de\/haeufig-gestellte-fragen\/","title":{"rendered":"H\u00e4ufig gestellte Fragen"},"content":{"rendered":"\t\t<div data-elementor-type=\"wp-page\" data-elementor-id=\"17444\" class=\"elementor elementor-17444\" data-elementor-post-type=\"page\">\n\t\t\t\t\t\t<section data-particle_enable=\"false\" data-particle-mobile-disabled=\"false\" class=\"elementor-section elementor-top-section elementor-element elementor-element-363cf7f elementor-section-boxed elementor-section-height-default elementor-section-height-default\" data-id=\"363cf7f\" data-element_type=\"section\" data-e-type=\"section\">\n\t\t\t\t\t\t<div class=\"elementor-container elementor-column-gap-default\">\n\t\t\t\t\t<div class=\"elementor-column elementor-col-100 elementor-top-column elementor-element elementor-element-320c17a\" data-id=\"320c17a\" data-element_type=\"column\" data-e-type=\"column\">\n\t\t\t<div class=\"elementor-widget-wrap elementor-element-populated\">\n\t\t\t\t\t\t<div class=\"elementor-element elementor-element-15ffa70 elementor-invisible elementor-widget elementor-widget-eael-adv-accordion\" data-id=\"15ffa70\" data-element_type=\"widget\" data-e-type=\"widget\" data-settings=\"{&quot;_animation&quot;:&quot;fadeInUp&quot;}\" data-widget_type=\"eael-adv-accordion.default\">\n\t\t\t\t<div class=\"elementor-widget-container\">\n\t\t\t\t\t            <div class=\"eael-adv-accordion\" id=\"eael-adv-accordion-15ffa70\" data-scroll-on-click=\"no\" data-scroll-speed=\"300\" data-accordion-id=\"15ffa70\" data-accordion-type=\"accordion\" data-toogle-speed=\"300\">\n            <div class=\"eael-accordion-list\">\n\t\t\t\t\t<div id=\"wo-kann-ich-ein-ticket-kaufen\" class=\"elementor-tab-title eael-accordion-header\" tabindex=\"0\" data-tab=\"1\" aria-controls=\"elementor-tab-content-2301\"><span class=\"eael-advanced-accordion-icon-closed\"><i aria-hidden=\"true\" class=\"fa-accordion-icon fas fa-plus\"><\/i><\/span><span class=\"eael-advanced-accordion-icon-opened\"><i aria-hidden=\"true\" class=\"fa-accordion-icon fas fa-minus\"><\/i><\/span><span class=\"eael-accordion-tab-title\">Wo kann ich ein Ticket kaufen?<\/span><i aria-hidden=\"true\" class=\"fa-toggle fas fa-angle-right\"><\/i><\/div><div id=\"elementor-tab-content-2301\" class=\"eael-accordion-content clearfix\" data-tab=\"1\" aria-labelledby=\"wo-kann-ich-ein-ticket-kaufen\"><p>Wenn du dich entschieden hast, am Festival der Vielfalt und Freiheit teilzunehmen, kannst du dein Ticket auf <a href=\"http:\/\/www.tomaticket.com\" target=\"_blank\" rel=\"noopener noreferrer\">www.tomaticket.com<\/a> erwerben.<\/p><\/div>\n\t\t\t\t\t<\/div><div class=\"eael-accordion-list\">\n\t\t\t\t\t<div id=\"wo-findet-das-festival-statt\" class=\"elementor-tab-title eael-accordion-header\" tabindex=\"0\" data-tab=\"2\" aria-controls=\"elementor-tab-content-2302\"><span class=\"eael-advanced-accordion-icon-closed\"><i aria-hidden=\"true\" class=\"fa-accordion-icon fas fa-plus\"><\/i><\/span><span class=\"eael-advanced-accordion-icon-opened\"><i aria-hidden=\"true\" class=\"fa-accordion-icon fas fa-minus\"><\/i><\/span><span class=\"eael-accordion-tab-title\">Wo findet das Festival statt?<\/span><i aria-hidden=\"true\" class=\"fa-toggle fas fa-angle-right\"><\/i><\/div><div id=\"elementor-tab-content-2302\" class=\"eael-accordion-content clearfix\" data-tab=\"2\" aria-labelledby=\"wo-findet-das-festival-statt\"><p>Das Festival findet im Hafen von Tazacorte auf der kanarischen Insel La Palma (Spanien) statt.<\/p><\/div>\n\t\t\t\t\t<\/div><div class=\"eael-accordion-list\">\n\t\t\t\t\t<div id=\"an-welchem-tag-findet-das-festival-statt\" class=\"elementor-tab-title eael-accordion-header\" tabindex=\"0\" data-tab=\"3\" aria-controls=\"elementor-tab-content-2303\"><span class=\"eael-advanced-accordion-icon-closed\"><i aria-hidden=\"true\" class=\"fa-accordion-icon fas fa-plus\"><\/i><\/span><span class=\"eael-advanced-accordion-icon-opened\"><i aria-hidden=\"true\" class=\"fa-accordion-icon fas fa-minus\"><\/i><\/span><span class=\"eael-accordion-tab-title\">An welchem Tag findet das Festival statt?<\/span><i aria-hidden=\"true\" class=\"fa-toggle fas fa-angle-right\"><\/i><\/div><div id=\"elementor-tab-content-2303\" class=\"eael-accordion-content clearfix\" data-tab=\"3\" aria-labelledby=\"an-welchem-tag-findet-das-festival-statt\"><p>Das Festival wird am Samstag, den 27. Juli 2024 stattfinden. In den Tagen davor gibt es ein soziales Programm, das du auch auf unserer Webseite einsehen kannst.<\/p><\/div>\n\t\t\t\t\t<\/div><div class=\"eael-accordion-list\">\n\t\t\t\t\t<div id=\"welche-ffnungszeiten-hat-das-festival\" class=\"elementor-tab-title eael-accordion-header\" tabindex=\"0\" data-tab=\"4\" aria-controls=\"elementor-tab-content-2304\"><span class=\"eael-advanced-accordion-icon-closed\"><i aria-hidden=\"true\" class=\"fa-accordion-icon fas fa-plus\"><\/i><\/span><span class=\"eael-advanced-accordion-icon-opened\"><i aria-hidden=\"true\" class=\"fa-accordion-icon fas fa-minus\"><\/i><\/span><span class=\"eael-accordion-tab-title\">Welche \u00d6ffnungszeiten hat das Festival?<\/span><i aria-hidden=\"true\" class=\"fa-toggle fas fa-angle-right\"><\/i><\/div><div id=\"elementor-tab-content-2304\" class=\"eael-accordion-content clearfix\" data-tab=\"4\" aria-labelledby=\"welche-ffnungszeiten-hat-das-festival\"><p>Das Festival \u00f6ffnet seine T\u00fcren um 18:00 Uhr und endet um etwa 03:30 Uhr morgens (\u00c4nderungen vorbehalten).<\/p><\/div>\n\t\t\t\t\t<\/div><div class=\"eael-accordion-list\">\n\t\t\t\t\t<div id=\"welche-arten-von-tickets-gibt-es\" class=\"elementor-tab-title eael-accordion-header\" tabindex=\"0\" data-tab=\"5\" aria-controls=\"elementor-tab-content-2305\"><span class=\"eael-advanced-accordion-icon-closed\"><i aria-hidden=\"true\" class=\"fa-accordion-icon fas fa-plus\"><\/i><\/span><span class=\"eael-advanced-accordion-icon-opened\"><i aria-hidden=\"true\" class=\"fa-accordion-icon fas fa-minus\"><\/i><\/span><span class=\"eael-accordion-tab-title\">Welche Arten von Tickets gibt es?<\/span><i aria-hidden=\"true\" class=\"fa-toggle fas fa-angle-right\"><\/i><\/div><div id=\"elementor-tab-content-2305\" class=\"eael-accordion-content clearfix\" data-tab=\"5\" aria-labelledby=\"welche-arten-von-tickets-gibt-es\"><p>Wir bieten folgende Ticketarten an:<\/p><ul><li><strong>Allgemeine Eintrittskarte:<\/strong> Zugang zur Allgemeinen Zone.<\/li><li><strong>PMR Allgemeine Zone:<\/strong> Zugang zur Allgemeinen Zone.<\/li><li><strong>Trib\u00fcnenkarte:<\/strong> Zugang zur Allgemeinen Zone und den Trib\u00fcnen. Sie befindet sich hinter der Allgemeinen Zone.<\/li><li><strong>Platin Eintrittskarte:<\/strong> Zugang zur Platin-Zone, mit verbesserter Sicht 20 Meter von der B\u00fchne entfernt.<\/li><li><strong>Premium Front Stage Eintrittskarte:<\/strong> Zugang zur Premium Front Stage Zone direkt an der B\u00fchne mit schnellem Einlass.<\/li><li><strong>PMR Premium Front Stage Zone:<\/strong> Zugang zur Premium Front Stage Zone direkt an der B\u00fchne mit schnellem Einlass.<\/li><li><strong>Golden VIP Experience (mit Bar frei):<\/strong> Exklusiver und bevorzugter Zugang ohne Warteschlangen zur Golden VIP EXPERIENCE Zone mit freier Bar w\u00e4hrend der gesamten Veranstaltung + kulinarisches Erlebnis + Entspannungszone Green Zone mit Fotowand + Willkommenspaket + 1 Parkplatz f\u00fcr Gruppen von 4 Personen.<\/li><\/ul><\/div>\n\t\t\t\t\t<\/div><div class=\"eael-accordion-list\">\n\t\t\t\t\t<div id=\"kann-jeder-die-freizeit-und-gastronomiebereiche-betreten\" class=\"elementor-tab-title eael-accordion-header\" tabindex=\"0\" data-tab=\"6\" aria-controls=\"elementor-tab-content-2306\"><span class=\"eael-advanced-accordion-icon-closed\"><i aria-hidden=\"true\" class=\"fa-accordion-icon fas fa-plus\"><\/i><\/span><span class=\"eael-advanced-accordion-icon-opened\"><i aria-hidden=\"true\" class=\"fa-accordion-icon fas fa-minus\"><\/i><\/span><span class=\"eael-accordion-tab-title\">Kann jeder die Freizeit- und Gastronomiebereiche betreten?<\/span><i aria-hidden=\"true\" class=\"fa-toggle fas fa-angle-right\"><\/i><\/div><div id=\"elementor-tab-content-2306\" class=\"eael-accordion-content clearfix\" data-tab=\"6\" aria-labelledby=\"kann-jeder-die-freizeit-und-gastronomiebereiche-betreten\"><p>Ja, unabh\u00e4ngig von deiner Eintrittskarte, jeder hat Zugang zu diesen Bereichen und kann, falls n\u00f6tig, zu seinem eigenen Bereich zur\u00fcckkehren.<\/p><\/div>\n\t\t\t\t\t<\/div><div class=\"eael-accordion-list\">\n\t\t\t\t\t<div id=\"darf-man-essen-und-getrnke-auf-das-gelnde-bringen\" class=\"elementor-tab-title eael-accordion-header\" tabindex=\"0\" data-tab=\"7\" aria-controls=\"elementor-tab-content-2307\"><span class=\"eael-advanced-accordion-icon-closed\"><i aria-hidden=\"true\" class=\"fa-accordion-icon fas fa-plus\"><\/i><\/span><span class=\"eael-advanced-accordion-icon-opened\"><i aria-hidden=\"true\" class=\"fa-accordion-icon fas fa-minus\"><\/i><\/span><span class=\"eael-accordion-tab-title\">Darf man Essen und Getr\u00e4nke auf das Gel\u00e4nde bringen?<\/span><i aria-hidden=\"true\" class=\"fa-toggle fas fa-angle-right\"><\/i><\/div><div id=\"elementor-tab-content-2307\" class=\"eael-accordion-content clearfix\" data-tab=\"7\" aria-labelledby=\"darf-man-essen-und-getrnke-auf-das-gelnde-bringen\"><p>Ja, aber nur bei Vorliegen von Intoleranzen oder Allergien, wof\u00fcr ein \u00e4rztliches Attest erforderlich ist.<\/p><\/div>\n\t\t\t\t\t<\/div><div class=\"eael-accordion-list\">\n\t\t\t\t\t<div id=\"wie-wei-ich-wo-ich-eintreten-soll\" class=\"elementor-tab-title eael-accordion-header\" tabindex=\"0\" data-tab=\"8\" aria-controls=\"elementor-tab-content-2308\"><span class=\"eael-advanced-accordion-icon-closed\"><i aria-hidden=\"true\" class=\"fa-accordion-icon fas fa-plus\"><\/i><\/span><span class=\"eael-advanced-accordion-icon-opened\"><i aria-hidden=\"true\" class=\"fa-accordion-icon fas fa-minus\"><\/i><\/span><span class=\"eael-accordion-tab-title\">Wie wei\u00df ich, wo ich eintreten soll?<\/span><i aria-hidden=\"true\" class=\"fa-toggle fas fa-angle-right\"><\/i><\/div><div id=\"elementor-tab-content-2308\" class=\"eael-accordion-content clearfix\" data-tab=\"8\" aria-labelledby=\"wie-wei-ich-wo-ich-eintreten-soll\"><p>In den Tagen vor dem Festival ver\u00f6ffentlichen wir einen Lageplan mit den verschiedenen Bereichen. Au\u00dferdem wird es Personal an jedem Eingang geben, das dir jederzeit Anweisungen geben und helfen kann.<\/p><\/div>\n\t\t\t\t\t<\/div><div class=\"eael-accordion-list\">\n\t\t\t\t\t<div id=\"gibt-es-ffentlichen-verkehr-oder-transport-vom-festival-selbst\" class=\"elementor-tab-title eael-accordion-header\" tabindex=\"0\" data-tab=\"9\" aria-controls=\"elementor-tab-content-2309\"><span class=\"eael-advanced-accordion-icon-closed\"><i aria-hidden=\"true\" class=\"fa-accordion-icon fas fa-plus\"><\/i><\/span><span class=\"eael-advanced-accordion-icon-opened\"><i aria-hidden=\"true\" class=\"fa-accordion-icon fas fa-minus\"><\/i><\/span><span class=\"eael-accordion-tab-title\">Gibt es \u00f6ffentlichen Verkehr oder Transport vom Festival selbst?<\/span><i aria-hidden=\"true\" class=\"fa-toggle fas fa-angle-right\"><\/i><\/div><div id=\"elementor-tab-content-2309\" class=\"eael-accordion-content clearfix\" data-tab=\"9\" aria-labelledby=\"gibt-es-ffentlichen-verkehr-oder-transport-vom-festival-selbst\"><p>Wir werden Transfers einrichten, um die Nutzung \u00f6ffentlicher Verkehrsmittel zu erleichtern und die Umweltbelastung zu minimieren. Diese k\u00f6nnen auf unserer Webseite gekauft werden.<\/p><\/div>\n\t\t\t\t\t<\/div><div class=\"eael-accordion-list\">\n\t\t\t\t\t<div id=\"gibt-es-flughotel-pakete\" class=\"elementor-tab-title eael-accordion-header\" tabindex=\"0\" data-tab=\"10\" aria-controls=\"elementor-tab-content-23010\"><span class=\"eael-advanced-accordion-icon-closed\"><i aria-hidden=\"true\" class=\"fa-accordion-icon fas fa-plus\"><\/i><\/span><span class=\"eael-advanced-accordion-icon-opened\"><i aria-hidden=\"true\" class=\"fa-accordion-icon fas fa-minus\"><\/i><\/span><span class=\"eael-accordion-tab-title\">Gibt es Flug+Hotel Pakete?<\/span><i aria-hidden=\"true\" class=\"fa-toggle fas fa-angle-right\"><\/i><\/div><div id=\"elementor-tab-content-23010\" class=\"eael-accordion-content clearfix\" data-tab=\"10\" aria-labelledby=\"gibt-es-flughotel-pakete\"><p>Ja, wir haben mit CanariasViaja verschiedene Pakete eingerichtet, damit du kommen kannst, wenn du von au\u00dferhalb der Insel anreist.<\/p><\/div>\n\t\t\t\t\t<\/div><div class=\"eael-accordion-list\">\n\t\t\t\t\t<div id=\"gibt-es-eintrittsschiff-pakete\" class=\"elementor-tab-title eael-accordion-header\" tabindex=\"0\" data-tab=\"11\" aria-controls=\"elementor-tab-content-23011\"><span class=\"eael-advanced-accordion-icon-closed\"><i aria-hidden=\"true\" class=\"fa-accordion-icon fas fa-plus\"><\/i><\/span><span class=\"eael-advanced-accordion-icon-opened\"><i aria-hidden=\"true\" class=\"fa-accordion-icon fas fa-minus\"><\/i><\/span><span class=\"eael-accordion-tab-title\">Gibt es Eintritts+Schiff Pakete?<\/span><i aria-hidden=\"true\" class=\"fa-toggle fas fa-angle-right\"><\/i><\/div><div id=\"elementor-tab-content-23011\" class=\"eael-accordion-content clearfix\" data-tab=\"11\" aria-labelledby=\"gibt-es-eintrittsschiff-pakete\"><p>Ja, wir haben mit der Grupo Armas Transmediterr\u00e1nea einen Fast Ferry am Samstag, den 27. Juli von Los Cristianos mit Abfahrt um 15:00 Uhr und R\u00fcckkehr vom Hafen von Tazacorte um 4:00 Uhr morgens eingerichtet, nachdem das Event endet. Du kannst dieses Paket bei <a href=\"https:\/\/www.tomaticket.es\/\" target=\"_blank\" rel=\"noopener\">Tomaticket<\/a> kaufen.<\/p><\/div>\n\t\t\t\t\t<\/div><div class=\"eael-accordion-list\">\n\t\t\t\t\t<div id=\"ich-habe-bereits-mein-ticket-kann-ich-noch-eine-schifffahrkarte-von-grupo-armas-transmediterrnea-hinzufgen\" class=\"elementor-tab-title eael-accordion-header\" tabindex=\"0\" data-tab=\"12\" aria-controls=\"elementor-tab-content-23012\"><span class=\"eael-advanced-accordion-icon-closed\"><i aria-hidden=\"true\" class=\"fa-accordion-icon fas fa-plus\"><\/i><\/span><span class=\"eael-advanced-accordion-icon-opened\"><i aria-hidden=\"true\" class=\"fa-accordion-icon fas fa-minus\"><\/i><\/span><span class=\"eael-accordion-tab-title\">Ich habe bereits mein Ticket, kann ich noch eine Schifffahrkarte von Grupo Armas Transmediterr\u00e1nea hinzuf\u00fcgen?<\/span><i aria-hidden=\"true\" class=\"fa-toggle fas fa-angle-right\"><\/i><\/div><div id=\"elementor-tab-content-23012\" class=\"eael-accordion-content clearfix\" data-tab=\"12\" aria-labelledby=\"ich-habe-bereits-mein-ticket-kann-ich-noch-eine-schifffahrkarte-von-grupo-armas-transmediterrnea-hinzufgen\"><p>Ja, schicken Sie eine E-Mail an <a href=\"mailto:hola@tomaticket.es\" target=\"_blank\" rel=\"noopener\">hola@tomaticket.es<\/a> und Sie k\u00f6nnen Ihr Ticket ohne Schiff gegen ein Ticket mit Schiff umtauschen.<\/p><\/div>\n\t\t\t\t\t<\/div><div class=\"eael-accordion-list\">\n\t\t\t\t\t<div id=\"kann-man-jederzeit-zum-festival-kommen\" class=\"elementor-tab-title eael-accordion-header\" tabindex=\"0\" data-tab=\"13\" aria-controls=\"elementor-tab-content-23013\"><span class=\"eael-advanced-accordion-icon-closed\"><i aria-hidden=\"true\" class=\"fa-accordion-icon fas fa-plus\"><\/i><\/span><span class=\"eael-advanced-accordion-icon-opened\"><i aria-hidden=\"true\" class=\"fa-accordion-icon fas fa-minus\"><\/i><\/span><span class=\"eael-accordion-tab-title\">Kann man jederzeit zum Festival kommen?<\/span><i aria-hidden=\"true\" class=\"fa-toggle fas fa-angle-right\"><\/i><\/div><div id=\"elementor-tab-content-23013\" class=\"eael-accordion-content clearfix\" data-tab=\"13\" aria-labelledby=\"kann-man-jederzeit-zum-festival-kommen\"><p>Ja, du kannst jederzeit vor Ende des Festivals kommen.<\/p><\/div>\n\t\t\t\t\t<\/div><div class=\"eael-accordion-list\">\n\t\t\t\t\t<div id=\"kann-man-das-gelnde-verlassen-und-wieder-betreten-so-oft-man-mchte\" class=\"elementor-tab-title eael-accordion-header\" tabindex=\"0\" data-tab=\"14\" aria-controls=\"elementor-tab-content-23014\"><span class=\"eael-advanced-accordion-icon-closed\"><i aria-hidden=\"true\" class=\"fa-accordion-icon fas fa-plus\"><\/i><\/span><span class=\"eael-advanced-accordion-icon-opened\"><i aria-hidden=\"true\" class=\"fa-accordion-icon fas fa-minus\"><\/i><\/span><span class=\"eael-accordion-tab-title\">Kann man das Gel\u00e4nde verlassen und wieder betreten, so oft man m\u00f6chte?<\/span><i aria-hidden=\"true\" class=\"fa-toggle fas fa-angle-right\"><\/i><\/div><div id=\"elementor-tab-content-23014\" class=\"eael-accordion-content clearfix\" data-tab=\"14\" aria-labelledby=\"kann-man-das-gelnde-verlassen-und-wieder-betreten-so-oft-man-mchte\"><p>Nein. Sobald du das Gel\u00e4nde betreten hast, kannst du es nicht wieder betreten, wenn du es verlassen hast.<\/p><\/div>\n\t\t\t\t\t<\/div><div class=\"eael-accordion-list\">\n\t\t\t\t\t<div id=\"wenn-ich-ein-tribnenticket-kaufe-kann-ich-mich-setzen-wo-ich-mchte\" class=\"elementor-tab-title eael-accordion-header\" tabindex=\"0\" data-tab=\"15\" aria-controls=\"elementor-tab-content-23015\"><span class=\"eael-advanced-accordion-icon-closed\"><i aria-hidden=\"true\" class=\"fa-accordion-icon fas fa-plus\"><\/i><\/span><span class=\"eael-advanced-accordion-icon-opened\"><i aria-hidden=\"true\" class=\"fa-accordion-icon fas fa-minus\"><\/i><\/span><span class=\"eael-accordion-tab-title\">Wenn ich ein Trib\u00fcnenticket kaufe, kann ich mich setzen, wo ich m\u00f6chte?<\/span><i aria-hidden=\"true\" class=\"fa-toggle fas fa-angle-right\"><\/i><\/div><div id=\"elementor-tab-content-23015\" class=\"eael-accordion-content clearfix\" data-tab=\"15\" aria-labelledby=\"wenn-ich-ein-tribnenticket-kaufe-kann-ich-mich-setzen-wo-ich-mchte\"><p>Die Sitze sind nicht nummeriert, daher kannst du dich setzen, wo du m\u00f6chtest.<\/p><\/div>\n\t\t\t\t\t<\/div><div class=\"eael-accordion-list\">\n\t\t\t\t\t<div id=\"kann-ich-mich-zwischen-verschiedenen-bereichen-in-den-tribnen-bewegen\" class=\"elementor-tab-title eael-accordion-header\" tabindex=\"0\" data-tab=\"16\" aria-controls=\"elementor-tab-content-23016\"><span class=\"eael-advanced-accordion-icon-closed\"><i aria-hidden=\"true\" class=\"fa-accordion-icon fas fa-plus\"><\/i><\/span><span class=\"eael-advanced-accordion-icon-opened\"><i aria-hidden=\"true\" class=\"fa-accordion-icon fas fa-minus\"><\/i><\/span><span class=\"eael-accordion-tab-title\">Kann ich mich zwischen verschiedenen Bereichen in den Trib\u00fcnen bewegen?<\/span><i aria-hidden=\"true\" class=\"fa-toggle fas fa-angle-right\"><\/i><\/div><div id=\"elementor-tab-content-23016\" class=\"eael-accordion-content clearfix\" data-tab=\"16\" aria-labelledby=\"kann-ich-mich-zwischen-verschiedenen-bereichen-in-den-tribnen-bewegen\"><p>Ja. Du kannst dich auf jedem freien Platz in den Trib\u00fcnen setzen.<\/p><\/div>\n\t\t\t\t\t<\/div><div class=\"eael-accordion-list\">\n\t\t\t\t\t<div id=\"kann-man-in-den-tribnenbereichen-tanzen\" class=\"elementor-tab-title eael-accordion-header\" tabindex=\"0\" data-tab=\"17\" aria-controls=\"elementor-tab-content-23017\"><span class=\"eael-advanced-accordion-icon-closed\"><i aria-hidden=\"true\" class=\"fa-accordion-icon fas fa-plus\"><\/i><\/span><span class=\"eael-advanced-accordion-icon-opened\"><i aria-hidden=\"true\" class=\"fa-accordion-icon fas fa-minus\"><\/i><\/span><span class=\"eael-accordion-tab-title\">Kann man in den Trib\u00fcnenbereichen tanzen?<\/span><i aria-hidden=\"true\" class=\"fa-toggle fas fa-angle-right\"><\/i><\/div><div id=\"elementor-tab-content-23017\" class=\"eael-accordion-content clearfix\" data-tab=\"17\" aria-labelledby=\"kann-man-in-den-tribnenbereichen-tanzen\"><p>Nat\u00fcrlich! Du kannst an deinem Platz und in deinem Bereich tanzen, ohne die Sicht anderer Personen in deinem Bereich zu behindern.<\/p><\/div>\n\t\t\t\t\t<\/div><div class=\"eael-accordion-list\">\n\t\t\t\t\t<div id=\"kann-ich-die-art-meines-tickets-nach-dem-kauf-ndern\" class=\"elementor-tab-title eael-accordion-header\" tabindex=\"0\" data-tab=\"18\" aria-controls=\"elementor-tab-content-23018\"><span class=\"eael-advanced-accordion-icon-closed\"><i aria-hidden=\"true\" class=\"fa-accordion-icon fas fa-plus\"><\/i><\/span><span class=\"eael-advanced-accordion-icon-opened\"><i aria-hidden=\"true\" class=\"fa-accordion-icon fas fa-minus\"><\/i><\/span><span class=\"eael-accordion-tab-title\">Kann ich die Art meines Tickets nach dem Kauf \u00e4ndern?<\/span><i aria-hidden=\"true\" class=\"fa-toggle fas fa-angle-right\"><\/i><\/div><div id=\"elementor-tab-content-23018\" class=\"eael-accordion-content clearfix\" data-tab=\"18\" aria-labelledby=\"kann-ich-die-art-meines-tickets-nach-dem-kauf-ndern\"><p>Ja. Du kannst dein Ticket jederzeit vor dem Betreten des Gel\u00e4ndes verbessern, solange noch Platzkapazit\u00e4ten verf\u00fcgbar sind. Wir empfehlen dir, dies nicht bis zum letzten Tag aufzuschieben, da die Kapazit\u00e4ten bereits ersch\u00f6pft sein k\u00f6nnten. \u00c4nderungen kannst du per E-Mail an <a href=\"mailto:hola@tomaticket.es\" target=\"_blank\" rel=\"noopener noreferrer\">hola@tomaticket.es<\/a> vornehmen.<\/p><\/div>\n\t\t\t\t\t<\/div><div class=\"eael-accordion-list\">\n\t\t\t\t\t<div id=\"wenn-ich-letztendlich-nicht-teilnehmen-kann-kann-ich-mein-ticket-jemand-anderem-geben\" class=\"elementor-tab-title eael-accordion-header\" tabindex=\"0\" data-tab=\"19\" aria-controls=\"elementor-tab-content-23019\"><span class=\"eael-advanced-accordion-icon-closed\"><i aria-hidden=\"true\" class=\"fa-accordion-icon fas fa-plus\"><\/i><\/span><span class=\"eael-advanced-accordion-icon-opened\"><i aria-hidden=\"true\" class=\"fa-accordion-icon fas fa-minus\"><\/i><\/span><span class=\"eael-accordion-tab-title\">Wenn ich letztendlich nicht teilnehmen kann, kann ich mein Ticket jemand anderem geben?<\/span><i aria-hidden=\"true\" class=\"fa-toggle fas fa-angle-right\"><\/i><\/div><div id=\"elementor-tab-content-23019\" class=\"eael-accordion-content clearfix\" data-tab=\"19\" aria-labelledby=\"wenn-ich-letztendlich-nicht-teilnehmen-kann-kann-ich-mein-ticket-jemand-anderem-geben\"><p>Ja. Da die Tickets nicht namentlich sind, kannst du sie jeder Person \u00fcbergeben.<\/p><\/div>\n\t\t\t\t\t<\/div><div class=\"eael-accordion-list\">\n\t\t\t\t\t<div id=\"knnen-kinder-die-veranstaltung-besuchen\" class=\"elementor-tab-title eael-accordion-header\" tabindex=\"0\" data-tab=\"20\" aria-controls=\"elementor-tab-content-23020\"><span class=\"eael-advanced-accordion-icon-closed\"><i aria-hidden=\"true\" class=\"fa-accordion-icon fas fa-plus\"><\/i><\/span><span class=\"eael-advanced-accordion-icon-opened\"><i aria-hidden=\"true\" class=\"fa-accordion-icon fas fa-minus\"><\/i><\/span><span class=\"eael-accordion-tab-title\">K\u00f6nnen Kinder die Veranstaltung besuchen?<\/span><i aria-hidden=\"true\" class=\"fa-toggle fas fa-angle-right\"><\/i><\/div><div id=\"elementor-tab-content-23020\" class=\"eael-accordion-content clearfix\" data-tab=\"20\" aria-labelledby=\"knnen-kinder-die-veranstaltung-besuchen\"><p>Ja, aber es wird nicht empfohlen, mit sehr kleinen Kindern zu kommen.<\/p><\/div>\n\t\t\t\t\t<\/div><div class=\"eael-accordion-list\">\n\t\t\t\t\t<div id=\"ab-welchem-alter-mssen-kinder-eintritt-zahlen\" class=\"elementor-tab-title eael-accordion-header\" tabindex=\"0\" data-tab=\"21\" aria-controls=\"elementor-tab-content-23021\"><span class=\"eael-advanced-accordion-icon-closed\"><i aria-hidden=\"true\" class=\"fa-accordion-icon fas fa-plus\"><\/i><\/span><span class=\"eael-advanced-accordion-icon-opened\"><i aria-hidden=\"true\" class=\"fa-accordion-icon fas fa-minus\"><\/i><\/span><span class=\"eael-accordion-tab-title\">Ab welchem Alter m\u00fcssen Kinder Eintritt zahlen?<\/span><i aria-hidden=\"true\" class=\"fa-toggle fas fa-angle-right\"><\/i><\/div><div id=\"elementor-tab-content-23021\" class=\"eael-accordion-content clearfix\" data-tab=\"21\" aria-labelledby=\"ab-welchem-alter-mssen-kinder-eintritt-zahlen\"><p>Kinder zahlen ab einem Alter von 7 Jahren den normalen Eintrittspreis. Alle Kinder unter 7 Jahren haben in Begleitung eines verantwortlichen Erwachsenen freien Eintritt.<\/p><\/div>\n\t\t\t\t\t<\/div><div class=\"eael-accordion-list\">\n\t\t\t\t\t<div id=\"ich-bin-unter-16-jahre-alt-wie-soll-ich-zum-festival-gehen\" class=\"elementor-tab-title eael-accordion-header\" tabindex=\"0\" data-tab=\"22\" aria-controls=\"elementor-tab-content-23022\"><span class=\"eael-advanced-accordion-icon-closed\"><i aria-hidden=\"true\" class=\"fa-accordion-icon fas fa-plus\"><\/i><\/span><span class=\"eael-advanced-accordion-icon-opened\"><i aria-hidden=\"true\" class=\"fa-accordion-icon fas fa-minus\"><\/i><\/span><span class=\"eael-accordion-tab-title\">Ich bin unter 16 Jahre alt, wie soll ich zum Festival gehen?<\/span><i aria-hidden=\"true\" class=\"fa-toggle fas fa-angle-right\"><\/i><\/div><div id=\"elementor-tab-content-23022\" class=\"eael-accordion-content clearfix\" data-tab=\"22\" aria-labelledby=\"ich-bin-unter-16-jahre-alt-wie-soll-ich-zum-festival-gehen\"><p>Du musst von einem verantwortlichen Erwachsenen begleitet werden und das Formular f\u00fcr den Zugang Minderj\u00e4hriger ausf\u00fcllen, das du in den Tagen vor der Veranstaltung auf unserer Webseite finden kannst.<\/p><\/div>\n\t\t\t\t\t<\/div><div class=\"eael-accordion-list\">\n\t\t\t\t\t<div id=\"ich-bin-ber-16-jahre-alt-wie-soll-ich-zum-festival-gehen\" class=\"elementor-tab-title eael-accordion-header\" tabindex=\"0\" data-tab=\"23\" aria-controls=\"elementor-tab-content-23023\"><span class=\"eael-advanced-accordion-icon-closed\"><i aria-hidden=\"true\" class=\"fa-accordion-icon fas fa-plus\"><\/i><\/span><span class=\"eael-advanced-accordion-icon-opened\"><i aria-hidden=\"true\" class=\"fa-accordion-icon fas fa-minus\"><\/i><\/span><span class=\"eael-accordion-tab-title\">Ich bin \u00fcber 16 Jahre alt, wie soll ich zum Festival gehen?<\/span><i aria-hidden=\"true\" class=\"fa-toggle fas fa-angle-right\"><\/i><\/div><div id=\"elementor-tab-content-23023\" class=\"eael-accordion-content clearfix\" data-tab=\"23\" aria-labelledby=\"ich-bin-ber-16-jahre-alt-wie-soll-ich-zum-festival-gehen\"><p>Du musst nicht von einem verantwortlichen Erwachsenen begleitet werden, aber du musst das Formular f\u00fcr den Zugang Minderj\u00e4hriger ausf\u00fcllen, das du auf unserer Webseite finden kannst.<\/p><\/div>\n\t\t\t\t\t<\/div><div class=\"eael-accordion-list\">\n\t\t\t\t\t<div id=\"kann-man-tickets-in-physischer-form-kaufen\" class=\"elementor-tab-title eael-accordion-header\" tabindex=\"0\" data-tab=\"24\" aria-controls=\"elementor-tab-content-23024\"><span class=\"eael-advanced-accordion-icon-closed\"><i aria-hidden=\"true\" class=\"fa-accordion-icon fas fa-plus\"><\/i><\/span><span class=\"eael-advanced-accordion-icon-opened\"><i aria-hidden=\"true\" class=\"fa-accordion-icon fas fa-minus\"><\/i><\/span><span class=\"eael-accordion-tab-title\">Kann man Tickets in physischer Form kaufen?<\/span><i aria-hidden=\"true\" class=\"fa-toggle fas fa-angle-right\"><\/i><\/div><div id=\"elementor-tab-content-23024\" class=\"eael-accordion-content clearfix\" data-tab=\"24\" aria-labelledby=\"kann-man-tickets-in-physischer-form-kaufen\"><p>Ja, in den B\u00fcros von CIT Insular La Palma, in den B\u00fcros in El Paso und Santa Cruz de La Palma und in den Time Street B\u00fcros in Los Llanos de Aridane.<\/p><\/div>\n\t\t\t\t\t<\/div><div class=\"eael-accordion-list\">\n\t\t\t\t\t<div id=\"gibt-es-eine-tageskasse-auf-dem-festival-wo-ich-mein-ticket-kaufen-kann\" class=\"elementor-tab-title eael-accordion-header\" tabindex=\"0\" data-tab=\"25\" aria-controls=\"elementor-tab-content-23025\"><span class=\"eael-advanced-accordion-icon-closed\"><i aria-hidden=\"true\" class=\"fa-accordion-icon fas fa-plus\"><\/i><\/span><span class=\"eael-advanced-accordion-icon-opened\"><i aria-hidden=\"true\" class=\"fa-accordion-icon fas fa-minus\"><\/i><\/span><span class=\"eael-accordion-tab-title\">Gibt es eine Tageskasse auf dem Festival, wo ich mein Ticket kaufen kann?<\/span><i aria-hidden=\"true\" class=\"fa-toggle fas fa-angle-right\"><\/i><\/div><div id=\"elementor-tab-content-23025\" class=\"eael-accordion-content clearfix\" data-tab=\"25\" aria-labelledby=\"gibt-es-eine-tageskasse-auf-dem-festival-wo-ich-mein-ticket-kaufen-kann\"><p>Ja. Es wird eine Tageskasse auf dem Festival geben, wo du dein Ticket kaufen oder verbessern kannst, solange noch Kapazit\u00e4ten verf\u00fcgbar sind.<\/p><\/div>\n\t\t\t\t\t<\/div><div class=\"eael-accordion-list\">\n\t\t\t\t\t<div id=\"bis-wann-kann-ich-meine-art-von-eintrittskarte-ndern\" class=\"elementor-tab-title eael-accordion-header\" tabindex=\"0\" data-tab=\"26\" aria-controls=\"elementor-tab-content-23026\"><span class=\"eael-advanced-accordion-icon-closed\"><i aria-hidden=\"true\" class=\"fa-accordion-icon fas fa-plus\"><\/i><\/span><span class=\"eael-advanced-accordion-icon-opened\"><i aria-hidden=\"true\" class=\"fa-accordion-icon fas fa-minus\"><\/i><\/span><span class=\"eael-accordion-tab-title\">Bis wann kann ich meine Art von Eintrittskarte \u00e4ndern?<\/span><i aria-hidden=\"true\" class=\"fa-toggle fas fa-angle-right\"><\/i><\/div><div id=\"elementor-tab-content-23026\" class=\"eael-accordion-content clearfix\" data-tab=\"26\" aria-labelledby=\"bis-wann-kann-ich-meine-art-von-eintrittskarte-ndern\"><p>Du kannst deine Eintrittskarte bis vor dem Betreten des Gel\u00e4ndes verbessern, d.h. du musst dies vor dem Scannen deines Ticketcodes tun, da sonst keine \u00c4nderung mehr m\u00f6glich ist.<\/p><\/div>\n\t\t\t\t\t<\/div><\/div>\t\t\t\t<\/div>\n\t\t\t\t<\/div>\n\t\t\t\t\t<\/div>\n\t\t<\/div>\n\t\t\t\t\t<\/div>\n\t\t<\/section>\n\t\t\t\t<\/div>\n\t\t","protected":false},"excerpt":{"rendered":"<p>Wo kann ich ein Ticket kaufen? Wenn du dich entschieden hast, am Festival der Vielfalt und Freiheit teilzunehmen, kannst du dein Ticket auf www.tomaticket.com erwerben. Wo findet das Festival statt? Das Festival findet im Hafen von Tazacorte auf der kanarischen Insel La Palma (Spanien) statt. An welchem Tag findet das Festival statt? Das Festival wird &#8230; <a title=\"H\u00e4ufig gestellte Fragen\" class=\"read-more\" href=\"https:\/\/www.islabonitalovefestival.es\/de\/haeufig-gestellte-fragen\/\" aria-label=\"Mehr Informationen \u00fcber H\u00e4ufig gestellte Fragen\">Weiterlesen<\/a><\/p>\n","protected":false},"author":1,"featured_media":0,"parent":0,"menu_order":0,"comment_status":"closed","ping_status":"closed","template":"","meta":{"footnotes":""},"class_list":["post-17444","page","type-page","status-publish"],"yoast_head":"<!-- This site is optimized with the Yoast SEO Premium plugin v22.0 (Yoast SEO v27.0) - https:\/\/yoast.com\/product\/yoast-seo-premium-wordpress\/ -->\n<title>H\u00e4ufig gestellte Fragen - Isla Bonita Love Festival<\/title>\n<meta name=\"robots\" content=\"index, follow, max-snippet:-1, max-image-preview:large, max-video-preview:-1\" \/>\n<link rel=\"canonical\" href=\"https:\/\/www.islabonitalovefestival.es\/de\/haeufig-gestellte-fragen\/\" \/>\n<meta property=\"og:locale\" content=\"de_DE\" \/>\n<meta property=\"og:type\" content=\"article\" \/>\n<meta property=\"og:title\" content=\"H\u00e4ufig gestellte Fragen\" \/>\n<meta property=\"og:description\" content=\"Wo kann ich ein Ticket kaufen? Wenn du dich entschieden hast, am Festival der Vielfalt und Freiheit teilzunehmen, kannst du dein Ticket auf www.tomaticket.com erwerben. Wo findet das Festival statt? Das Festival findet im Hafen von Tazacorte auf der kanarischen Insel La Palma (Spanien) statt. An welchem Tag findet das Festival statt? Das Festival wird ... Weiterlesen\" \/>\n<meta property=\"og:url\" content=\"https:\/\/www.islabonitalovefestival.es\/de\/haeufig-gestellte-fragen\/\" \/>\n<meta property=\"og:site_name\" content=\"Isla Bonita Love Festival\" \/>\n<meta property=\"article:publisher\" content=\"https:\/\/www.facebook.com\/islabonitalovefestival\/\" \/>\n<meta property=\"article:modified_time\" content=\"2024-07-08T20:29:52+00:00\" \/>\n<meta name=\"twitter:card\" content=\"summary_large_image\" \/>\n<meta name=\"twitter:site\" content=\"@IslaBonitaLoveF\" \/>\n<script type=\"application\/ld+json\" class=\"yoast-schema-graph\">{\"@context\":\"https:\/\/schema.org\",\"@graph\":[{\"@type\":\"WebPage\",\"@id\":\"https:\/\/www.islabonitalovefestival.es\/de\/haeufig-gestellte-fragen\/\",\"url\":\"https:\/\/www.islabonitalovefestival.es\/de\/haeufig-gestellte-fragen\/\",\"name\":\"H\u00e4ufig gestellte Fragen - Isla Bonita Love Festival\",\"isPartOf\":{\"@id\":\"https:\/\/www.islabonitalovefestival.es\/#website\"},\"datePublished\":\"2024-06-25T11:28:08+00:00\",\"dateModified\":\"2024-07-08T20:29:52+00:00\",\"breadcrumb\":{\"@id\":\"https:\/\/www.islabonitalovefestival.es\/de\/haeufig-gestellte-fragen\/#breadcrumb\"},\"inLanguage\":\"de\",\"potentialAction\":[{\"@type\":\"ReadAction\",\"target\":[\"https:\/\/www.islabonitalovefestival.es\/de\/haeufig-gestellte-fragen\/\"]}]},{\"@type\":\"BreadcrumbList\",\"@id\":\"https:\/\/www.islabonitalovefestival.es\/de\/haeufig-gestellte-fragen\/#breadcrumb\",\"itemListElement\":[{\"@type\":\"ListItem\",\"position\":1,\"name\":\"Portada\",\"item\":\"https:\/\/www.islabonitalovefestival.es\/de\/\"},{\"@type\":\"ListItem\",\"position\":2,\"name\":\"H\u00e4ufig gestellte Fragen\"}]},{\"@type\":\"WebSite\",\"@id\":\"https:\/\/www.islabonitalovefestival.es\/#website\",\"url\":\"https:\/\/www.islabonitalovefestival.es\/\",\"name\":\"Isla Bonita Love Festival 2024\",\"description\":\"Festival de la multiculturalidad que se celebrar\u00e1 del 22 al 28 de julio de 2024 en La Palma\",\"publisher\":{\"@id\":\"https:\/\/www.islabonitalovefestival.es\/#organization\"},\"alternateName\":\"Love Festival 2024\",\"potentialAction\":[{\"@type\":\"SearchAction\",\"target\":{\"@type\":\"EntryPoint\",\"urlTemplate\":\"https:\/\/www.islabonitalovefestival.es\/?s={search_term_string}\"},\"query-input\":{\"@type\":\"PropertyValueSpecification\",\"valueRequired\":true,\"valueName\":\"search_term_string\"}}],\"inLanguage\":\"de\"},{\"@type\":\"Organization\",\"@id\":\"https:\/\/www.islabonitalovefestival.es\/#organization\",\"name\":\"Isla Bonita Love Festival La Palma 2024\",\"alternateName\":\"Love Festival\",\"url\":\"https:\/\/www.islabonitalovefestival.es\/\",\"logo\":{\"@type\":\"ImageObject\",\"inLanguage\":\"de\",\"@id\":\"https:\/\/www.islabonitalovefestival.es\/#\/schema\/logo\/image\/\",\"url\":\"https:\/\/www.islabonitalovefestival.es\/wp-content\/uploads\/2024\/03\/LF24_entrada.png\",\"contentUrl\":\"https:\/\/www.islabonitalovefestival.es\/wp-content\/uploads\/2024\/03\/LF24_entrada.png\",\"width\":800,\"height\":800,\"caption\":\"Isla Bonita Love Festival La Palma 2024\"},\"image\":{\"@id\":\"https:\/\/www.islabonitalovefestival.es\/#\/schema\/logo\/image\/\"},\"sameAs\":[\"https:\/\/www.facebook.com\/islabonitalovefestival\/\",\"https:\/\/x.com\/IslaBonitaLoveF\",\"https:\/\/www.instagram.com\/islabonitalovefest\/\",\"https:\/\/www.youtube.com\/channel\/UCT7DqYugOSkmQ9lWVL9UTJw\"],\"description\":\"Sociedad de Promoci\u00f3n y Desarrollo econ\u00f3mico y Social de La Palma, empresa p\u00fablica dependiente del Cabildo de La Palma\",\"email\":\"info@sodepal.es\",\"telephone\":\"922417323\",\"legalName\":\"Sociedad de Promoci\u00f3n y Desarrollo Econ\u00f3mico de la isla de La Palma S.A.U.\",\"publishingPrinciples\":\"https:\/\/www.islabonitalovefestival.es\/aviso-legal\/\",\"ownershipFundingInfo\":\"https:\/\/www.islabonitalovefestival.es\/aviso-legal\/\",\"actionableFeedbackPolicy\":\"https:\/\/www.islabonitalovefestival.es\/aviso-legal\/\",\"correctionsPolicy\":\"https:\/\/www.islabonitalovefestival.es\/aviso-legal\/\",\"ethicsPolicy\":\"https:\/\/www.islabonitalovefestival.es\/aviso-legal\/\",\"diversityPolicy\":\"https:\/\/www.islabonitalovefestival.es\/aviso-legal\/\",\"diversityStaffingReport\":\"https:\/\/www.islabonitalovefestival.es\/aviso-legal\/\"}]}<\/script>\n<!-- \/ Yoast SEO Premium plugin. -->","yoast_head_json":{"title":"H\u00e4ufig gestellte Fragen - Isla Bonita Love Festival","robots":{"index":"index","follow":"follow","max-snippet":"max-snippet:-1","max-image-preview":"max-image-preview:large","max-video-preview":"max-video-preview:-1"},"canonical":"https:\/\/www.islabonitalovefestival.es\/de\/haeufig-gestellte-fragen\/","og_locale":"de_DE","og_type":"article","og_title":"H\u00e4ufig gestellte Fragen","og_description":"Wo kann ich ein Ticket kaufen? Wenn du dich entschieden hast, am Festival der Vielfalt und Freiheit teilzunehmen, kannst du dein Ticket auf www.tomaticket.com erwerben. Wo findet das Festival statt? Das Festival findet im Hafen von Tazacorte auf der kanarischen Insel La Palma (Spanien) statt. An welchem Tag findet das Festival statt? Das Festival wird ... Weiterlesen","og_url":"https:\/\/www.islabonitalovefestival.es\/de\/haeufig-gestellte-fragen\/","og_site_name":"Isla Bonita Love Festival","article_publisher":"https:\/\/www.facebook.com\/islabonitalovefestival\/","article_modified_time":"2024-07-08T20:29:52+00:00","twitter_card":"summary_large_image","twitter_site":"@IslaBonitaLoveF","schema":{"@context":"https:\/\/schema.org","@graph":[{"@type":"WebPage","@id":"https:\/\/www.islabonitalovefestival.es\/de\/haeufig-gestellte-fragen\/","url":"https:\/\/www.islabonitalovefestival.es\/de\/haeufig-gestellte-fragen\/","name":"H\u00e4ufig gestellte Fragen - Isla Bonita Love Festival","isPartOf":{"@id":"https:\/\/www.islabonitalovefestival.es\/#website"},"datePublished":"2024-06-25T11:28:08+00:00","dateModified":"2024-07-08T20:29:52+00:00","breadcrumb":{"@id":"https:\/\/www.islabonitalovefestival.es\/de\/haeufig-gestellte-fragen\/#breadcrumb"},"inLanguage":"de","potentialAction":[{"@type":"ReadAction","target":["https:\/\/www.islabonitalovefestival.es\/de\/haeufig-gestellte-fragen\/"]}]},{"@type":"BreadcrumbList","@id":"https:\/\/www.islabonitalovefestival.es\/de\/haeufig-gestellte-fragen\/#breadcrumb","itemListElement":[{"@type":"ListItem","position":1,"name":"Portada","item":"https:\/\/www.islabonitalovefestival.es\/de\/"},{"@type":"ListItem","position":2,"name":"H\u00e4ufig gestellte Fragen"}]},{"@type":"WebSite","@id":"https:\/\/www.islabonitalovefestival.es\/#website","url":"https:\/\/www.islabonitalovefestival.es\/","name":"Isla Bonita Love Festival 2024","description":"Festival de la multiculturalidad que se celebrar\u00e1 del 22 al 28 de julio de 2024 en La Palma","publisher":{"@id":"https:\/\/www.islabonitalovefestival.es\/#organization"},"alternateName":"Love Festival 2024","potentialAction":[{"@type":"SearchAction","target":{"@type":"EntryPoint","urlTemplate":"https:\/\/www.islabonitalovefestival.es\/?s={search_term_string}"},"query-input":{"@type":"PropertyValueSpecification","valueRequired":true,"valueName":"search_term_string"}}],"inLanguage":"de"},{"@type":"Organization","@id":"https:\/\/www.islabonitalovefestival.es\/#organization","name":"Isla Bonita Love Festival La Palma 2024","alternateName":"Love Festival","url":"https:\/\/www.islabonitalovefestival.es\/","logo":{"@type":"ImageObject","inLanguage":"de","@id":"https:\/\/www.islabonitalovefestival.es\/#\/schema\/logo\/image\/","url":"https:\/\/www.islabonitalovefestival.es\/wp-content\/uploads\/2024\/03\/LF24_entrada.png","contentUrl":"https:\/\/www.islabonitalovefestival.es\/wp-content\/uploads\/2024\/03\/LF24_entrada.png","width":800,"height":800,"caption":"Isla Bonita Love Festival La Palma 2024"},"image":{"@id":"https:\/\/www.islabonitalovefestival.es\/#\/schema\/logo\/image\/"},"sameAs":["https:\/\/www.facebook.com\/islabonitalovefestival\/","https:\/\/x.com\/IslaBonitaLoveF","https:\/\/www.instagram.com\/islabonitalovefest\/","https:\/\/www.youtube.com\/channel\/UCT7DqYugOSkmQ9lWVL9UTJw"],"description":"Sociedad de Promoci\u00f3n y Desarrollo econ\u00f3mico y Social de La Palma, empresa p\u00fablica dependiente del Cabildo de La Palma","email":"info@sodepal.es","telephone":"922417323","legalName":"Sociedad de Promoci\u00f3n y Desarrollo Econ\u00f3mico de la isla de La Palma S.A.U.","publishingPrinciples":"https:\/\/www.islabonitalovefestival.es\/aviso-legal\/","ownershipFundingInfo":"https:\/\/www.islabonitalovefestival.es\/aviso-legal\/","actionableFeedbackPolicy":"https:\/\/www.islabonitalovefestival.es\/aviso-legal\/","correctionsPolicy":"https:\/\/www.islabonitalovefestival.es\/aviso-legal\/","ethicsPolicy":"https:\/\/www.islabonitalovefestival.es\/aviso-legal\/","diversityPolicy":"https:\/\/www.islabonitalovefestival.es\/aviso-legal\/","diversityStaffingReport":"https:\/\/www.islabonitalovefestival.es\/aviso-legal\/"}]}},"_links":{"self":[{"href":"https:\/\/www.islabonitalovefestival.es\/de\/wp-json\/wp\/v2\/pages\/17444","targetHints":{"allow":["GET"]}}],"collection":[{"href":"https:\/\/www.islabonitalovefestival.es\/de\/wp-json\/wp\/v2\/pages"}],"about":[{"href":"https:\/\/www.islabonitalovefestival.es\/de\/wp-json\/wp\/v2\/types\/page"}],"author":[{"embeddable":true,"href":"https:\/\/www.islabonitalovefestival.es\/de\/wp-json\/wp\/v2\/users\/1"}],"replies":[{"embeddable":true,"href":"https:\/\/www.islabonitalovefestival.es\/de\/wp-json\/wp\/v2\/comments?post=17444"}],"version-history":[{"count":11,"href":"https:\/\/www.islabonitalovefestival.es\/de\/wp-json\/wp\/v2\/pages\/17444\/revisions"}],"predecessor-version":[{"id":18090,"href":"https:\/\/www.islabonitalovefestival.es\/de\/wp-json\/wp\/v2\/pages\/17444\/revisions\/18090"}],"wp:attachment":[{"href":"https:\/\/www.islabonitalovefestival.es\/de\/wp-json\/wp\/v2\/media?parent=17444"}],"curies":[{"name":"wp","href":"https:\/\/api.w.org\/{rel}","templated":true}]}}