{"id":18661,"date":"2024-07-23T21:47:53","date_gmt":"2024-07-23T20:47:53","guid":{"rendered":"https:\/\/www.islabonitalovefestival.es\/nachhaltigkeit\/"},"modified":"2024-07-24T12:34:35","modified_gmt":"2024-07-24T11:34:35","slug":"nachhaltigkeit","status":"publish","type":"page","link":"https:\/\/www.islabonitalovefestival.es\/de\/nachhaltigkeit\/","title":{"rendered":"Nachhaltigkeit"},"content":{"rendered":"\t\t<div data-elementor-type=\"wp-page\" data-elementor-id=\"18661\" class=\"elementor elementor-18661\" data-elementor-post-type=\"page\">\n\t\t\t\t\t\t<section data-particle_enable=\"false\" data-particle-mobile-disabled=\"false\" class=\"elementor-section elementor-top-section elementor-element elementor-element-854cf3f elementor-section-boxed elementor-section-height-default elementor-section-height-default\" data-id=\"854cf3f\" data-element_type=\"section\" data-e-type=\"section\">\n\t\t\t\t\t\t<div class=\"elementor-container elementor-column-gap-default\">\n\t\t\t\t\t<div class=\"elementor-column elementor-col-50 elementor-top-column elementor-element elementor-element-b4ca8ad\" data-id=\"b4ca8ad\" data-element_type=\"column\" data-e-type=\"column\" data-settings=\"{&quot;background_background&quot;:&quot;classic&quot;}\">\n\t\t\t<div class=\"elementor-widget-wrap elementor-element-populated\">\n\t\t\t\t\t<div class=\"elementor-background-overlay\"><\/div>\n\t\t\t\t\t\t<div class=\"elementor-element elementor-element-be2d1df elementor-widget elementor-widget-heading\" data-id=\"be2d1df\" data-element_type=\"widget\" data-e-type=\"widget\" data-widget_type=\"heading.default\">\n\t\t\t\t<div class=\"elementor-widget-container\">\n\t\t\t\t\t<h2 class=\"elementor-heading-title elementor-size-default\">Politik der Nachhaltigkeit<\/h2>\t\t\t\t<\/div>\n\t\t\t\t<\/div>\n\t\t\t\t\t<\/div>\n\t\t<\/div>\n\t\t\t\t<div class=\"elementor-column elementor-col-50 elementor-top-column elementor-element elementor-element-8446526\" data-id=\"8446526\" data-element_type=\"column\" data-e-type=\"column\">\n\t\t\t<div class=\"elementor-widget-wrap elementor-element-populated\">\n\t\t\t\t\t\t<section data-particle_enable=\"false\" data-particle-mobile-disabled=\"false\" class=\"elementor-section elementor-inner-section elementor-element elementor-element-0568a0f elementor-section-boxed elementor-section-height-default elementor-section-height-default\" data-id=\"0568a0f\" data-element_type=\"section\" data-e-type=\"section\">\n\t\t\t\t\t\t<div class=\"elementor-container elementor-column-gap-default\">\n\t\t\t\t\t<div class=\"elementor-column elementor-col-100 elementor-inner-column elementor-element elementor-element-900e6a4\" data-id=\"900e6a4\" data-element_type=\"column\" data-e-type=\"column\">\n\t\t\t<div class=\"elementor-widget-wrap elementor-element-populated\">\n\t\t\t\t\t\t<div class=\"elementor-element elementor-element-5d8158a elementor-widget elementor-widget-image\" data-id=\"5d8158a\" data-element_type=\"widget\" data-e-type=\"widget\" data-widget_type=\"image.default\">\n\t\t\t\t<div class=\"elementor-widget-container\">\n\t\t\t\t\t\t\t\t\t\t\t\t\t\t\t<img decoding=\"async\" width=\"300\" height=\"138\" src=\"https:\/\/www.islabonitalovefestival.es\/wp-content\/uploads\/2024\/06\/logo_fest2021_2-300x138.png\" class=\"attachment-medium size-medium wp-image-17384\" alt=\"\" srcset=\"https:\/\/www.islabonitalovefestival.es\/wp-content\/uploads\/2024\/06\/logo_fest2021_2-300x138.png 300w, https:\/\/www.islabonitalovefestival.es\/wp-content\/uploads\/2024\/06\/logo_fest2021_2-768x353.png 768w, https:\/\/www.islabonitalovefestival.es\/wp-content\/uploads\/2024\/06\/logo_fest2021_2.png 864w\" sizes=\"(max-width: 300px) 100vw, 300px\" \/>\t\t\t\t\t\t\t\t\t\t\t\t\t\t\t<\/div>\n\t\t\t\t<\/div>\n\t\t\t\t\t<\/div>\n\t\t<\/div>\n\t\t\t\t\t<\/div>\n\t\t<\/section>\n\t\t\t\t<div class=\"elementor-element elementor-element-5a6899e elementor-widget elementor-widget-text-editor\" data-id=\"5a6899e\" data-element_type=\"widget\" data-e-type=\"widget\" data-widget_type=\"text-editor.default\">\n\t\t\t\t<div class=\"elementor-widget-container\">\n\t\t\t\t\t\t\t\t\t<p>Das Isla Bonita LOVE FESTIVAL ist viel mehr als ein Konzert. Es ist eine gro\u00dfartige Veranstaltung auf einer Insel im Weltbiosph\u00e4renreservat.<\/p><p>Unsere Philosophie und Ziele sind darauf ausgerichtet, eine nachhaltige Veranstaltung zu sein.<\/p><p>Daher \u00fcbernehmen wir als Veranstaltung unsere Verantwortung f\u00fcr die positiven und negativen Auswirkungen, die wir auf die Umwelt haben, indem wir die 3 Achsen der nachhaltigen Entwicklung ber\u00fccksichtigen und uns an den SDGs und der Agenda 2030 der Kanarischen Inseln orientieren.<\/p><p>Auf \u00f6kologischer Ebene streben wir die Einhaltung der SDGs 6, 13, 14 und 15 an, wobei wir unser soziales Engagement f\u00fcr die SDGs 3, 4, 5, 8, 10, 16 und 17 betonen und die SDGs 11 und 12 auf wirtschaftlicher Ebene f\u00f6rdern.<\/p>\t\t\t\t\t\t\t\t<\/div>\n\t\t\t\t<\/div>\n\t\t\t\t\t<\/div>\n\t\t<\/div>\n\t\t\t\t\t<\/div>\n\t\t<\/section>\n\t\t\t\t<section data-particle_enable=\"false\" data-particle-mobile-disabled=\"false\" class=\"elementor-section elementor-top-section elementor-element elementor-element-d7a86de elementor-section-boxed elementor-section-height-default elementor-section-height-default\" data-id=\"d7a86de\" data-element_type=\"section\" data-e-type=\"section\" data-settings=\"{&quot;background_background&quot;:&quot;classic&quot;}\">\n\t\t\t\t\t\t<div class=\"elementor-container elementor-column-gap-default\">\n\t\t\t\t\t<div class=\"elementor-column elementor-col-100 elementor-top-column elementor-element elementor-element-d53e353\" data-id=\"d53e353\" data-element_type=\"column\" data-e-type=\"column\">\n\t\t\t<div class=\"elementor-widget-wrap elementor-element-populated\">\n\t\t\t\t\t\t<div class=\"elementor-element elementor-element-ad97320 elementor-widget elementor-widget-text-editor\" data-id=\"ad97320\" data-element_type=\"widget\" data-e-type=\"widget\" data-widget_type=\"text-editor.default\">\n\t\t\t\t<div class=\"elementor-widget-container\">\n\t\t\t\t\t\t\t\t\t<h3>1.- UMWELTNACHHALTIGKEIT:<\/h3><p>Seit 2018 setzen wir alles daran, die negativen Auswirkungen dieses gro\u00dfen Festivals zu reduzieren, auszugleichen oder zu eliminieren. Jahr f\u00fcr Jahr erh\u00f6hen wir die Umweltma\u00dfnahmen f\u00fcr eine kontinuierliche Verbesserung.<\/p><p>Unser Engagement ist w\u00e4hrend der gesamten Veranstaltung deutlich erkennbar, insbesondere:<\/p><h4>1.1. DER EXKLUSIVE ABFALLMANAGEMENTPLAN \u201eLOVE FESTIVAL\u201c, DER DIE R\u00dcCKVERFOLGBARKEIT ALLER UNSERER ABF\u00c4LLE BEWEIST.<\/h4><p>Wir \u00fcbernehmen die volle Verantwortung f\u00fcr das korrekte Abfallmanagement, weshalb wir Folgendes anbieten:<\/p><p>Wiederverwendbare Becher und andere Beh\u00e4lter, um den Plastikverbrauch zu reduzieren. Kompostierbares Geschirr im Verpflegungsbereich des Veranstaltungspersonals. Selektive Trennbeh\u00e4lter, die auf dem gesamten Gel\u00e4nde verteilt sind, damit du deine Abf\u00e4lle immer an der richtigen Stelle entsorgen kannst. Ein spezielles \u201eRSR\u201c-Team f\u00fcr die selektive Abfallsammlung w\u00e4hrend der Veranstaltung. Innerhalb des Festivals sorgen mehrere Teams f\u00fcr das Management der Container und die selektive Sammlung sowie f\u00fcr die Umsetzung aller Nachhaltigkeitsma\u00dfnahmen des Isla Bonita LOVE Festivals. Verwendung von kompostierbarem Konfetti. Autorisierte Entsorger f\u00fcr den getrennten Transport aller unserer Abf\u00e4lle. Jede Abfallfraktion wird mit einem anderen LKW zu den Recycling- und Kompostierungsanlagen transportiert.<\/p><h4>1.2. KLIMASCHUTZMA\u00dfNAHMEN.<\/h4><p>Wir sind uns bewusst, dass alle lokalen Ma\u00dfnahmen zur Bek\u00e4mpfung des globalen Klimawandels beitragen k\u00f6nnen. Daher bieten wir:<\/p><p>Nachhaltige Mobilit\u00e4t, um den CO2-Fu\u00dfabdruck zu reduzieren und beruhigte Fahrten mit dem umfangreichen Angebot an exklusiven Hin- und R\u00fcckfahrten mit dem Bus f\u00fcr das Isla Bonita LOVE Festival.<\/p><p>Dank unseres Sponsors werden wir effiziente, verbrauchsarme oder hybride Fahrzeuge f\u00fcr den Transport von K\u00fcnstlern und Organisationspersonal zur Verf\u00fcgung haben. Wir m\u00f6chten unseren CO2-Fu\u00dfabdruck reduzieren und ein klimaneutrales Event werden.<\/p><h4>1.3. ABWASSERMANAGEMENT DER VERANSTALTUNG.<\/h4><p>Alle Abw\u00e4sser aus den Chemietoiletten werden ordnungsgem\u00e4\u00df aufbereitet, um eine Umweltverschmutzung zu vermeiden.<\/p><h4>1.4. WASSER- UND ENERGIEEINSPARUNG.<\/h4><p>Wir ergreifen alle notwendigen Ma\u00dfnahmen, um Ressourcen zu sparen und effizienter zu sein. Unsere Stromaggregate sind auf dem neuesten Stand der Technik und erm\u00f6glichen es, die Anzahl der Einheiten und den Kraftstoffverbrauch zu reduzieren.<\/p><h4>1.5. VERANTWORTUNGSVOLLER KONSUM UND VERBRAUCH VON REGIONALEN PRODUKTEN.<\/h4><p>Im Gastrobereich findest du eine Vielzahl von Lebensmitteln. Unsere Vertragsklauseln enthalten Umweltbedingungen.<\/p><h4>1.6. UMWELTBEWUSSTSEIN.<\/h4><p>Wir m\u00f6chten das Umweltbewusstsein des gesamten Teams und aller Interessengruppen f\u00f6rdern. Engagement, Respekt und Solidarit\u00e4t sind grundlegende S\u00e4ulen der Nachhaltigkeit.<\/p><p>Unter anderem\u2026<\/p><h3>SOZIALE NACHHALTIGKEIT:<\/h3><p>Das Isla Bonita LOVE Festival ist ein Vorbild als realer Raum f\u00fcr Gleichheit, Toleranz, Vielfalt und Respekt, in dem soziale Koh\u00e4sion und Integration gef\u00f6rdert werden, mit dem Ziel, \u201eNIEMANDEN ZUR\u00dcCKZULASSEN\u201c innerhalb der Werte der Agenda 2030. Daher:<\/p><p>Die SOZIALE AGENDA des Isla Bonita LOVE Festivals vor dem Konzert schafft Ma\u00dfnahmen und rechtliches Wissen, das die Notwendigkeit einer inklusiven Justiz f\u00fcr alle Menschen auf allen Ebenen hervorhebt. Wir f\u00f6rdern die Gesundheit und das Wohlbefinden aller Menschen ohne Unterschied. In Bezug auf die Sicherheit wurde es so gestaltet, dass es ein sicherer und komfortabler Ort sowohl f\u00fcr das Arbeitspersonal als auch f\u00fcr die allgemeine \u00d6ffentlichkeit ist. Innerhalb des Konzertgel\u00e4ndes wollen wir mit Fachleuten an unserem \u201ePunto Violeta\u201c geschlechtsspezifische Gewalt verhindern. Alle Menschen mit unterschiedlichen F\u00e4higkeiten k\u00f6nnen das Festival mit Geb\u00e4rdensprachdolmetschern, Parkpl\u00e4tzen und PMR-Bereichen genie\u00dfen. Unser Ziel ist es, durch Bildung und Sensibilisierung eine gerechte und respektvolle Gesellschaft gegen\u00fcber Vielfalt zu schaffen. SODEPAL, als Veranstalter, wird von Gemeinden, Sponsoren, Verb\u00e4nden und NGOs unterst\u00fctzt, die die kollektive Teilnahme und die bestm\u00f6gliche Durchf\u00fchrung der Veranstaltung f\u00f6rdern.<\/p><p>Wir verstehen und teilen die Ansicht, dass Kultur in all ihren Formen eine entscheidende Dimension ist, die alle B\u00fcrger erreichen und wichtige Querschnittsver\u00e4nderungen f\u00fcr eine nachhaltige Entwicklung bewirken kann.<\/p><h3>WIRTSCHAFTLICHE NACHHALTIGKEIT:<\/h3><p>Das Isla Bonita LOVE Festival ist eine Veranstaltung mit gro\u00dfer wirtschaftlicher Bedeutung f\u00fcr die Insel und einem Potenzial f\u00fcr positiven R\u00fccklauf und hochwertige touristische F\u00f6rderung, was unserer lokalen Wirtschaft zugutekommt.<\/p>\t\t\t\t\t\t\t\t<\/div>\n\t\t\t\t<\/div>\n\t\t\t\t\t<\/div>\n\t\t<\/div>\n\t\t\t\t\t<\/div>\n\t\t<\/section>\n\t\t\t\t<section data-particle_enable=\"false\" data-particle-mobile-disabled=\"false\" class=\"elementor-section elementor-top-section elementor-element elementor-element-fed0cf4 elementor-section-boxed elementor-section-height-default elementor-section-height-default\" data-id=\"fed0cf4\" data-element_type=\"section\" data-e-type=\"section\" data-settings=\"{&quot;background_background&quot;:&quot;classic&quot;}\">\n\t\t\t\t\t\t<div class=\"elementor-container elementor-column-gap-default\">\n\t\t\t\t\t<div class=\"elementor-column elementor-col-100 elementor-top-column elementor-element elementor-element-7cf188a\" data-id=\"7cf188a\" data-element_type=\"column\" data-e-type=\"column\">\n\t\t\t<div class=\"elementor-widget-wrap elementor-element-populated\">\n\t\t\t\t\t\t<div class=\"elementor-element elementor-element-19bb433 elementor-widget elementor-widget-heading\" data-id=\"19bb433\" data-element_type=\"widget\" data-e-type=\"widget\" data-widget_type=\"heading.default\">\n\t\t\t\t<div class=\"elementor-widget-container\">\n\t\t\t\t\t<h2 class=\"elementor-heading-title elementor-size-default\">Nachrichten<\/h2>\t\t\t\t<\/div>\n\t\t\t\t<\/div>\n\t\t\t\t\t<\/div>\n\t\t<\/div>\n\t\t\t\t\t<\/div>\n\t\t<\/section>\n\t\t\t\t<section data-particle_enable=\"false\" data-particle-mobile-disabled=\"false\" class=\"elementor-section elementor-top-section elementor-element elementor-element-4aff3c9 elementor-section-boxed elementor-section-height-default elementor-section-height-default\" data-id=\"4aff3c9\" data-element_type=\"section\" data-e-type=\"section\" data-settings=\"{&quot;background_background&quot;:&quot;classic&quot;}\">\n\t\t\t\t\t\t<div class=\"elementor-container elementor-column-gap-default\">\n\t\t\t\t\t<div class=\"elementor-column elementor-col-100 elementor-top-column elementor-element elementor-element-26122a5\" data-id=\"26122a5\" data-element_type=\"column\" data-e-type=\"column\">\n\t\t\t<div class=\"elementor-widget-wrap elementor-element-populated\">\n\t\t\t\t\t\t<div class=\"elementor-element elementor-element-ecf55d0 elementor-widget elementor-widget-heading\" data-id=\"ecf55d0\" data-element_type=\"widget\" data-e-type=\"widget\" data-widget_type=\"heading.default\">\n\t\t\t\t<div class=\"elementor-widget-container\">\n\t\t\t\t\t<h2 class=\"elementor-heading-title elementor-size-default\">N\u00fctzliche Links<\/h2>\t\t\t\t<\/div>\n\t\t\t\t<\/div>\n\t\t\t\t<section data-particle_enable=\"false\" data-particle-mobile-disabled=\"false\" class=\"elementor-section elementor-inner-section elementor-element elementor-element-9ea620b elementor-section-boxed elementor-section-height-default elementor-section-height-default\" data-id=\"9ea620b\" data-element_type=\"section\" data-e-type=\"section\">\n\t\t\t\t\t\t<div class=\"elementor-container elementor-column-gap-default\">\n\t\t\t\t\t<div class=\"elementor-column elementor-col-25 elementor-inner-column elementor-element elementor-element-70d0432\" data-id=\"70d0432\" data-element_type=\"column\" data-e-type=\"column\">\n\t\t\t<div class=\"elementor-widget-wrap elementor-element-populated\">\n\t\t\t\t\t\t<div class=\"elementor-element elementor-element-3c9b353 elementor-view-stacked elementor-shape-circle elementor-position-block-start elementor-mobile-position-block-start elementor-widget elementor-widget-icon-box\" data-id=\"3c9b353\" data-element_type=\"widget\" data-e-type=\"widget\" data-widget_type=\"icon-box.default\">\n\t\t\t\t<div class=\"elementor-widget-container\">\n\t\t\t\t\t\t\t<div class=\"elementor-icon-box-wrapper\">\n\n\t\t\t\t\t\t<div class=\"elementor-icon-box-icon\">\n\t\t\t\t<a href=\"https:\/\/www.holaislascanarias.com\/espacios-naturales\/la-palma\/\" target=\"_blank\" class=\"elementor-icon\" tabindex=\"-1\" aria-label=\"Gesch\u00fctzte Naturgebiete auf La Palma\">\n\t\t\t\t<i aria-hidden=\"true\" class=\"fas fa-external-link-square-alt\"><\/i>\t\t\t\t<\/a>\n\t\t\t<\/div>\n\t\t\t\n\t\t\t\t\t\t<div class=\"elementor-icon-box-content\">\n\n\t\t\t\t\t\t\t\t\t<h4 class=\"elementor-icon-box-title\">\n\t\t\t\t\t\t<a href=\"https:\/\/www.holaislascanarias.com\/espacios-naturales\/la-palma\/\" target=\"_blank\" >\n\t\t\t\t\t\t\tGesch\u00fctzte Naturgebiete auf La Palma\t\t\t\t\t\t<\/a>\n\t\t\t\t\t<\/h4>\n\t\t\t\t\n\t\t\t\t\n\t\t\t<\/div>\n\t\t\t\n\t\t<\/div>\n\t\t\t\t\t\t<\/div>\n\t\t\t\t<\/div>\n\t\t\t\t\t<\/div>\n\t\t<\/div>\n\t\t\t\t<div class=\"elementor-column elementor-col-25 elementor-inner-column elementor-element elementor-element-af85bbc\" data-id=\"af85bbc\" data-element_type=\"column\" data-e-type=\"column\">\n\t\t\t<div class=\"elementor-widget-wrap elementor-element-populated\">\n\t\t\t\t\t\t<div class=\"elementor-element elementor-element-fa15de4 elementor-view-stacked elementor-shape-circle elementor-position-block-start elementor-mobile-position-block-start elementor-widget elementor-widget-icon-box\" data-id=\"fa15de4\" data-element_type=\"widget\" data-e-type=\"widget\" data-widget_type=\"icon-box.default\">\n\t\t\t\t<div class=\"elementor-widget-container\">\n\t\t\t\t\t\t\t<div class=\"elementor-icon-box-wrapper\">\n\n\t\t\t\t\t\t<div class=\"elementor-icon-box-icon\">\n\t\t\t\t<a href=\"https:\/\/visitlapalma.es\/\" target=\"_blank\" class=\"elementor-icon\" tabindex=\"-1\" aria-label=\"Webtourismus La Palma\">\n\t\t\t\t<i aria-hidden=\"true\" class=\"fas fa-external-link-square-alt\"><\/i>\t\t\t\t<\/a>\n\t\t\t<\/div>\n\t\t\t\n\t\t\t\t\t\t<div class=\"elementor-icon-box-content\">\n\n\t\t\t\t\t\t\t\t\t<h4 class=\"elementor-icon-box-title\">\n\t\t\t\t\t\t<a href=\"https:\/\/visitlapalma.es\/\" target=\"_blank\" >\n\t\t\t\t\t\t\tWebtourismus La Palma\t\t\t\t\t\t<\/a>\n\t\t\t\t\t<\/h4>\n\t\t\t\t\n\t\t\t\t\n\t\t\t<\/div>\n\t\t\t\n\t\t<\/div>\n\t\t\t\t\t\t<\/div>\n\t\t\t\t<\/div>\n\t\t\t\t\t<\/div>\n\t\t<\/div>\n\t\t\t\t<div class=\"elementor-column elementor-col-25 elementor-inner-column elementor-element elementor-element-264b6c0\" data-id=\"264b6c0\" data-element_type=\"column\" data-e-type=\"column\">\n\t\t\t<div class=\"elementor-widget-wrap elementor-element-populated\">\n\t\t\t\t\t\t<div class=\"elementor-element elementor-element-f7a86df elementor-view-stacked elementor-shape-circle elementor-position-block-start elementor-mobile-position-block-start elementor-widget elementor-widget-icon-box\" data-id=\"f7a86df\" data-element_type=\"widget\" data-e-type=\"widget\" data-widget_type=\"icon-box.default\">\n\t\t\t\t<div class=\"elementor-widget-container\">\n\t\t\t\t\t\t\t<div class=\"elementor-icon-box-wrapper\">\n\n\t\t\t\t\t\t<div class=\"elementor-icon-box-icon\">\n\t\t\t\t<a href=\"https:\/\/lapalmabiosfera.es\/\" target=\"_blank\" class=\"elementor-icon\" tabindex=\"-1\" aria-label=\"Biosph\u00e4renreservat La Palma\">\n\t\t\t\t<i aria-hidden=\"true\" class=\"fas fa-external-link-square-alt\"><\/i>\t\t\t\t<\/a>\n\t\t\t<\/div>\n\t\t\t\n\t\t\t\t\t\t<div class=\"elementor-icon-box-content\">\n\n\t\t\t\t\t\t\t\t\t<h4 class=\"elementor-icon-box-title\">\n\t\t\t\t\t\t<a href=\"https:\/\/lapalmabiosfera.es\/\" target=\"_blank\" >\n\t\t\t\t\t\t\tBiosph\u00e4renreservat La Palma\t\t\t\t\t\t<\/a>\n\t\t\t\t\t<\/h4>\n\t\t\t\t\n\t\t\t\t\n\t\t\t<\/div>\n\t\t\t\n\t\t<\/div>\n\t\t\t\t\t\t<\/div>\n\t\t\t\t<\/div>\n\t\t\t\t\t<\/div>\n\t\t<\/div>\n\t\t\t\t<div class=\"elementor-column elementor-col-25 elementor-inner-column elementor-element elementor-element-8ecc355\" data-id=\"8ecc355\" data-element_type=\"column\" data-e-type=\"column\">\n\t\t\t<div class=\"elementor-widget-wrap elementor-element-populated\">\n\t\t\t\t\t\t<div class=\"elementor-element elementor-element-37d0400 elementor-view-stacked elementor-shape-circle elementor-position-block-start elementor-mobile-position-block-start elementor-widget elementor-widget-icon-box\" data-id=\"37d0400\" data-element_type=\"widget\" data-e-type=\"widget\" data-widget_type=\"icon-box.default\">\n\t\t\t\t<div class=\"elementor-widget-container\">\n\t\t\t\t\t\t\t<div class=\"elementor-icon-box-wrapper\">\n\n\t\t\t\t\t\t<div class=\"elementor-icon-box-icon\">\n\t\t\t\t<a href=\"https:\/\/saborealapalma.es\/\" target=\"_blank\" class=\"elementor-icon\" tabindex=\"-1\" aria-label=\"Saborea La Palma\">\n\t\t\t\t<i aria-hidden=\"true\" class=\"fas fa-external-link-square-alt\"><\/i>\t\t\t\t<\/a>\n\t\t\t<\/div>\n\t\t\t\n\t\t\t\t\t\t<div class=\"elementor-icon-box-content\">\n\n\t\t\t\t\t\t\t\t\t<h4 class=\"elementor-icon-box-title\">\n\t\t\t\t\t\t<a href=\"https:\/\/saborealapalma.es\/\" target=\"_blank\" >\n\t\t\t\t\t\t\tSaborea La Palma\t\t\t\t\t\t<\/a>\n\t\t\t\t\t<\/h4>\n\t\t\t\t\n\t\t\t\t\n\t\t\t<\/div>\n\t\t\t\n\t\t<\/div>\n\t\t\t\t\t\t<\/div>\n\t\t\t\t<\/div>\n\t\t\t\t\t<\/div>\n\t\t<\/div>\n\t\t\t\t\t<\/div>\n\t\t<\/section>\n\t\t\t\t\t<\/div>\n\t\t<\/div>\n\t\t\t\t\t<\/div>\n\t\t<\/section>\n\t\t\t\t<\/div>\n\t\t","protected":false},"excerpt":{"rendered":"<p>Politik der Nachhaltigkeit Das Isla Bonita LOVE FESTIVAL ist viel mehr als ein Konzert. Es ist eine gro\u00dfartige Veranstaltung auf einer Insel im Weltbiosph\u00e4renreservat. Unsere Philosophie und Ziele sind darauf ausgerichtet, eine nachhaltige Veranstaltung zu sein. Daher \u00fcbernehmen wir als Veranstaltung unsere Verantwortung f\u00fcr die positiven und negativen Auswirkungen, die wir auf die Umwelt haben, &#8230; <a title=\"Nachhaltigkeit\" class=\"read-more\" href=\"https:\/\/www.islabonitalovefestival.es\/de\/nachhaltigkeit\/\" aria-label=\"Mehr Informationen \u00fcber Nachhaltigkeit\">Weiterlesen<\/a><\/p>\n","protected":false},"author":1,"featured_media":0,"parent":0,"menu_order":0,"comment_status":"closed","ping_status":"closed","template":"","meta":{"footnotes":""},"class_list":["post-18661","page","type-page","status-publish"],"yoast_head":"<!-- This site is optimized with the Yoast SEO Premium plugin v22.0 (Yoast SEO v27.0) - https:\/\/yoast.com\/product\/yoast-seo-premium-wordpress\/ -->\n<title>Nachhaltigkeit - Isla Bonita Love Festival<\/title>\n<meta name=\"robots\" content=\"index, follow, max-snippet:-1, max-image-preview:large, max-video-preview:-1\" \/>\n<link rel=\"canonical\" href=\"https:\/\/www.islabonitalovefestival.es\/de\/nachhaltigkeit\/\" \/>\n<meta property=\"og:locale\" content=\"de_DE\" \/>\n<meta property=\"og:type\" content=\"article\" \/>\n<meta property=\"og:title\" content=\"Nachhaltigkeit\" \/>\n<meta property=\"og:description\" content=\"Politik der Nachhaltigkeit Das Isla Bonita LOVE FESTIVAL ist viel mehr als ein Konzert. Es ist eine gro\u00dfartige Veranstaltung auf einer Insel im Weltbiosph\u00e4renreservat. Unsere Philosophie und Ziele sind darauf ausgerichtet, eine nachhaltige Veranstaltung zu sein. Daher \u00fcbernehmen wir als Veranstaltung unsere Verantwortung f\u00fcr die positiven und negativen Auswirkungen, die wir auf die Umwelt haben, ... Weiterlesen\" \/>\n<meta property=\"og:url\" content=\"https:\/\/www.islabonitalovefestival.es\/de\/nachhaltigkeit\/\" \/>\n<meta property=\"og:site_name\" content=\"Isla Bonita Love Festival\" \/>\n<meta property=\"article:publisher\" content=\"https:\/\/www.facebook.com\/islabonitalovefestival\/\" \/>\n<meta property=\"article:modified_time\" content=\"2024-07-24T11:34:35+00:00\" \/>\n<meta property=\"og:image\" content=\"https:\/\/www.islabonitalovefestival.es\/wp-content\/uploads\/2024\/06\/logo_fest2021_2-300x138.png\" \/>\n<meta name=\"twitter:card\" content=\"summary_large_image\" \/>\n<meta name=\"twitter:site\" content=\"@IslaBonitaLoveF\" \/>\n<script type=\"application\/ld+json\" class=\"yoast-schema-graph\">{\"@context\":\"https:\/\/schema.org\",\"@graph\":[{\"@type\":\"WebPage\",\"@id\":\"https:\/\/www.islabonitalovefestival.es\/de\/nachhaltigkeit\/\",\"url\":\"https:\/\/www.islabonitalovefestival.es\/de\/nachhaltigkeit\/\",\"name\":\"Nachhaltigkeit - Isla Bonita Love Festival\",\"isPartOf\":{\"@id\":\"https:\/\/www.islabonitalovefestival.es\/#website\"},\"primaryImageOfPage\":{\"@id\":\"https:\/\/www.islabonitalovefestival.es\/de\/nachhaltigkeit\/#primaryimage\"},\"image\":{\"@id\":\"https:\/\/www.islabonitalovefestival.es\/de\/nachhaltigkeit\/#primaryimage\"},\"thumbnailUrl\":\"https:\/\/www.islabonitalovefestival.es\/wp-content\/uploads\/2024\/06\/logo_fest2021_2-300x138.png\",\"datePublished\":\"2024-07-23T20:47:53+00:00\",\"dateModified\":\"2024-07-24T11:34:35+00:00\",\"breadcrumb\":{\"@id\":\"https:\/\/www.islabonitalovefestival.es\/de\/nachhaltigkeit\/#breadcrumb\"},\"inLanguage\":\"de\",\"potentialAction\":[{\"@type\":\"ReadAction\",\"target\":[\"https:\/\/www.islabonitalovefestival.es\/de\/nachhaltigkeit\/\"]}]},{\"@type\":\"ImageObject\",\"inLanguage\":\"de\",\"@id\":\"https:\/\/www.islabonitalovefestival.es\/de\/nachhaltigkeit\/#primaryimage\",\"url\":\"https:\/\/www.islabonitalovefestival.es\/wp-content\/uploads\/2024\/06\/logo_fest2021_2-300x138.png\",\"contentUrl\":\"https:\/\/www.islabonitalovefestival.es\/wp-content\/uploads\/2024\/06\/logo_fest2021_2-300x138.png\"},{\"@type\":\"BreadcrumbList\",\"@id\":\"https:\/\/www.islabonitalovefestival.es\/de\/nachhaltigkeit\/#breadcrumb\",\"itemListElement\":[{\"@type\":\"ListItem\",\"position\":1,\"name\":\"Portada\",\"item\":\"https:\/\/www.islabonitalovefestival.es\/de\/\"},{\"@type\":\"ListItem\",\"position\":2,\"name\":\"Nachhaltigkeit\"}]},{\"@type\":\"WebSite\",\"@id\":\"https:\/\/www.islabonitalovefestival.es\/#website\",\"url\":\"https:\/\/www.islabonitalovefestival.es\/\",\"name\":\"Isla Bonita Love Festival 2024\",\"description\":\"Festival de la multiculturalidad que se celebrar\u00e1 del 22 al 28 de julio de 2024 en La Palma\",\"publisher\":{\"@id\":\"https:\/\/www.islabonitalovefestival.es\/#organization\"},\"alternateName\":\"Love Festival 2024\",\"potentialAction\":[{\"@type\":\"SearchAction\",\"target\":{\"@type\":\"EntryPoint\",\"urlTemplate\":\"https:\/\/www.islabonitalovefestival.es\/?s={search_term_string}\"},\"query-input\":{\"@type\":\"PropertyValueSpecification\",\"valueRequired\":true,\"valueName\":\"search_term_string\"}}],\"inLanguage\":\"de\"},{\"@type\":\"Organization\",\"@id\":\"https:\/\/www.islabonitalovefestival.es\/#organization\",\"name\":\"Isla Bonita Love Festival La Palma 2024\",\"alternateName\":\"Love Festival\",\"url\":\"https:\/\/www.islabonitalovefestival.es\/\",\"logo\":{\"@type\":\"ImageObject\",\"inLanguage\":\"de\",\"@id\":\"https:\/\/www.islabonitalovefestival.es\/#\/schema\/logo\/image\/\",\"url\":\"https:\/\/www.islabonitalovefestival.es\/wp-content\/uploads\/2024\/03\/LF24_entrada.png\",\"contentUrl\":\"https:\/\/www.islabonitalovefestival.es\/wp-content\/uploads\/2024\/03\/LF24_entrada.png\",\"width\":800,\"height\":800,\"caption\":\"Isla Bonita Love Festival La Palma 2024\"},\"image\":{\"@id\":\"https:\/\/www.islabonitalovefestival.es\/#\/schema\/logo\/image\/\"},\"sameAs\":[\"https:\/\/www.facebook.com\/islabonitalovefestival\/\",\"https:\/\/x.com\/IslaBonitaLoveF\",\"https:\/\/www.instagram.com\/islabonitalovefest\/\",\"https:\/\/www.youtube.com\/channel\/UCT7DqYugOSkmQ9lWVL9UTJw\"],\"description\":\"Sociedad de Promoci\u00f3n y Desarrollo econ\u00f3mico y Social de La Palma, empresa p\u00fablica dependiente del Cabildo de La Palma\",\"email\":\"info@sodepal.es\",\"telephone\":\"922417323\",\"legalName\":\"Sociedad de Promoci\u00f3n y Desarrollo Econ\u00f3mico de la isla de La Palma S.A.U.\",\"publishingPrinciples\":\"https:\/\/www.islabonitalovefestival.es\/aviso-legal\/\",\"ownershipFundingInfo\":\"https:\/\/www.islabonitalovefestival.es\/aviso-legal\/\",\"actionableFeedbackPolicy\":\"https:\/\/www.islabonitalovefestival.es\/aviso-legal\/\",\"correctionsPolicy\":\"https:\/\/www.islabonitalovefestival.es\/aviso-legal\/\",\"ethicsPolicy\":\"https:\/\/www.islabonitalovefestival.es\/aviso-legal\/\",\"diversityPolicy\":\"https:\/\/www.islabonitalovefestival.es\/aviso-legal\/\",\"diversityStaffingReport\":\"https:\/\/www.islabonitalovefestival.es\/aviso-legal\/\"}]}<\/script>\n<!-- \/ Yoast SEO Premium plugin. -->","yoast_head_json":{"title":"Nachhaltigkeit - Isla Bonita Love Festival","robots":{"index":"index","follow":"follow","max-snippet":"max-snippet:-1","max-image-preview":"max-image-preview:large","max-video-preview":"max-video-preview:-1"},"canonical":"https:\/\/www.islabonitalovefestival.es\/de\/nachhaltigkeit\/","og_locale":"de_DE","og_type":"article","og_title":"Nachhaltigkeit","og_description":"Politik der Nachhaltigkeit Das Isla Bonita LOVE FESTIVAL ist viel mehr als ein Konzert. Es ist eine gro\u00dfartige Veranstaltung auf einer Insel im Weltbiosph\u00e4renreservat. Unsere Philosophie und Ziele sind darauf ausgerichtet, eine nachhaltige Veranstaltung zu sein. Daher \u00fcbernehmen wir als Veranstaltung unsere Verantwortung f\u00fcr die positiven und negativen Auswirkungen, die wir auf die Umwelt haben, ... Weiterlesen","og_url":"https:\/\/www.islabonitalovefestival.es\/de\/nachhaltigkeit\/","og_site_name":"Isla Bonita Love Festival","article_publisher":"https:\/\/www.facebook.com\/islabonitalovefestival\/","article_modified_time":"2024-07-24T11:34:35+00:00","og_image":[{"url":"https:\/\/www.islabonitalovefestival.es\/wp-content\/uploads\/2024\/06\/logo_fest2021_2-300x138.png","type":"","width":"","height":""}],"twitter_card":"summary_large_image","twitter_site":"@IslaBonitaLoveF","schema":{"@context":"https:\/\/schema.org","@graph":[{"@type":"WebPage","@id":"https:\/\/www.islabonitalovefestival.es\/de\/nachhaltigkeit\/","url":"https:\/\/www.islabonitalovefestival.es\/de\/nachhaltigkeit\/","name":"Nachhaltigkeit - Isla Bonita Love Festival","isPartOf":{"@id":"https:\/\/www.islabonitalovefestival.es\/#website"},"primaryImageOfPage":{"@id":"https:\/\/www.islabonitalovefestival.es\/de\/nachhaltigkeit\/#primaryimage"},"image":{"@id":"https:\/\/www.islabonitalovefestival.es\/de\/nachhaltigkeit\/#primaryimage"},"thumbnailUrl":"https:\/\/www.islabonitalovefestival.es\/wp-content\/uploads\/2024\/06\/logo_fest2021_2-300x138.png","datePublished":"2024-07-23T20:47:53+00:00","dateModified":"2024-07-24T11:34:35+00:00","breadcrumb":{"@id":"https:\/\/www.islabonitalovefestival.es\/de\/nachhaltigkeit\/#breadcrumb"},"inLanguage":"de","potentialAction":[{"@type":"ReadAction","target":["https:\/\/www.islabonitalovefestival.es\/de\/nachhaltigkeit\/"]}]},{"@type":"ImageObject","inLanguage":"de","@id":"https:\/\/www.islabonitalovefestival.es\/de\/nachhaltigkeit\/#primaryimage","url":"https:\/\/www.islabonitalovefestival.es\/wp-content\/uploads\/2024\/06\/logo_fest2021_2-300x138.png","contentUrl":"https:\/\/www.islabonitalovefestival.es\/wp-content\/uploads\/2024\/06\/logo_fest2021_2-300x138.png"},{"@type":"BreadcrumbList","@id":"https:\/\/www.islabonitalovefestival.es\/de\/nachhaltigkeit\/#breadcrumb","itemListElement":[{"@type":"ListItem","position":1,"name":"Portada","item":"https:\/\/www.islabonitalovefestival.es\/de\/"},{"@type":"ListItem","position":2,"name":"Nachhaltigkeit"}]},{"@type":"WebSite","@id":"https:\/\/www.islabonitalovefestival.es\/#website","url":"https:\/\/www.islabonitalovefestival.es\/","name":"Isla Bonita Love Festival 2024","description":"Festival de la multiculturalidad que se celebrar\u00e1 del 22 al 28 de julio de 2024 en La Palma","publisher":{"@id":"https:\/\/www.islabonitalovefestival.es\/#organization"},"alternateName":"Love Festival 2024","potentialAction":[{"@type":"SearchAction","target":{"@type":"EntryPoint","urlTemplate":"https:\/\/www.islabonitalovefestival.es\/?s={search_term_string}"},"query-input":{"@type":"PropertyValueSpecification","valueRequired":true,"valueName":"search_term_string"}}],"inLanguage":"de"},{"@type":"Organization","@id":"https:\/\/www.islabonitalovefestival.es\/#organization","name":"Isla Bonita Love Festival La Palma 2024","alternateName":"Love Festival","url":"https:\/\/www.islabonitalovefestival.es\/","logo":{"@type":"ImageObject","inLanguage":"de","@id":"https:\/\/www.islabonitalovefestival.es\/#\/schema\/logo\/image\/","url":"https:\/\/www.islabonitalovefestival.es\/wp-content\/uploads\/2024\/03\/LF24_entrada.png","contentUrl":"https:\/\/www.islabonitalovefestival.es\/wp-content\/uploads\/2024\/03\/LF24_entrada.png","width":800,"height":800,"caption":"Isla Bonita Love Festival La Palma 2024"},"image":{"@id":"https:\/\/www.islabonitalovefestival.es\/#\/schema\/logo\/image\/"},"sameAs":["https:\/\/www.facebook.com\/islabonitalovefestival\/","https:\/\/x.com\/IslaBonitaLoveF","https:\/\/www.instagram.com\/islabonitalovefest\/","https:\/\/www.youtube.com\/channel\/UCT7DqYugOSkmQ9lWVL9UTJw"],"description":"Sociedad de Promoci\u00f3n y Desarrollo econ\u00f3mico y Social de La Palma, empresa p\u00fablica dependiente del Cabildo de La Palma","email":"info@sodepal.es","telephone":"922417323","legalName":"Sociedad de Promoci\u00f3n y Desarrollo Econ\u00f3mico de la isla de La Palma S.A.U.","publishingPrinciples":"https:\/\/www.islabonitalovefestival.es\/aviso-legal\/","ownershipFundingInfo":"https:\/\/www.islabonitalovefestival.es\/aviso-legal\/","actionableFeedbackPolicy":"https:\/\/www.islabonitalovefestival.es\/aviso-legal\/","correctionsPolicy":"https:\/\/www.islabonitalovefestival.es\/aviso-legal\/","ethicsPolicy":"https:\/\/www.islabonitalovefestival.es\/aviso-legal\/","diversityPolicy":"https:\/\/www.islabonitalovefestival.es\/aviso-legal\/","diversityStaffingReport":"https:\/\/www.islabonitalovefestival.es\/aviso-legal\/"}]}},"_links":{"self":[{"href":"https:\/\/www.islabonitalovefestival.es\/de\/wp-json\/wp\/v2\/pages\/18661","targetHints":{"allow":["GET"]}}],"collection":[{"href":"https:\/\/www.islabonitalovefestival.es\/de\/wp-json\/wp\/v2\/pages"}],"about":[{"href":"https:\/\/www.islabonitalovefestival.es\/de\/wp-json\/wp\/v2\/types\/page"}],"author":[{"embeddable":true,"href":"https:\/\/www.islabonitalovefestival.es\/de\/wp-json\/wp\/v2\/users\/1"}],"replies":[{"embeddable":true,"href":"https:\/\/www.islabonitalovefestival.es\/de\/wp-json\/wp\/v2\/comments?post=18661"}],"version-history":[{"count":6,"href":"https:\/\/www.islabonitalovefestival.es\/de\/wp-json\/wp\/v2\/pages\/18661\/revisions"}],"predecessor-version":[{"id":18667,"href":"https:\/\/www.islabonitalovefestival.es\/de\/wp-json\/wp\/v2\/pages\/18661\/revisions\/18667"}],"wp:attachment":[{"href":"https:\/\/www.islabonitalovefestival.es\/de\/wp-json\/wp\/v2\/media?parent=18661"}],"curies":[{"name":"wp","href":"https:\/\/api.w.org\/{rel}","templated":true}]}}