{"id":13366,"date":"2019-07-08T22:00:38","date_gmt":"2019-07-08T21:00:38","guid":{"rendered":"https:\/\/www.islabonitalovefestival.es\/social-agenda\/"},"modified":"2024-07-25T08:32:57","modified_gmt":"2024-07-25T07:32:57","slug":"social-agenda","status":"publish","type":"page","link":"https:\/\/www.islabonitalovefestival.es\/en\/social-agenda\/","title":{"rendered":"Social Agenda"},"content":{"rendered":"\t\t<div data-elementor-type=\"wp-page\" data-elementor-id=\"13366\" class=\"elementor elementor-13366\" data-elementor-post-type=\"page\">\n\t\t\t\t\t\t<section data-particle_enable=\"false\" data-particle-mobile-disabled=\"false\" class=\"elementor-section elementor-top-section elementor-element elementor-element-d39f0a1 elementor-section-boxed elementor-section-height-default elementor-section-height-default\" data-id=\"d39f0a1\" data-element_type=\"section\" data-e-type=\"section\">\n\t\t\t\t\t\t<div class=\"elementor-container elementor-column-gap-default\">\n\t\t\t\t\t<div class=\"elementor-column elementor-col-100 elementor-top-column elementor-element elementor-element-161b0cd9\" data-id=\"161b0cd9\" data-element_type=\"column\" data-e-type=\"column\">\n\t\t\t<div class=\"elementor-widget-wrap elementor-element-populated\">\n\t\t\t\t\t\t<div class=\"elementor-element elementor-element-657f8b48 elementor-align-center elementor-icon-list--layout-traditional elementor-list-item-link-full_width elementor-widget elementor-widget-icon-list\" data-id=\"657f8b48\" data-element_type=\"widget\" data-e-type=\"widget\" data-widget_type=\"icon-list.default\">\n\t\t\t\t<div class=\"elementor-widget-container\">\n\t\t\t\t\t\t\t<ul class=\"elementor-icon-list-items\">\n\t\t\t\t\t\t\t<li class=\"elementor-icon-list-item\">\n\t\t\t\t\t\t\t\t\t\t\t<span class=\"elementor-icon-list-icon\">\n\t\t\t\t\t\t\t<i aria-hidden=\"true\" class=\"far fa-calendar-alt\"><\/i>\t\t\t\t\t\t<\/span>\n\t\t\t\t\t\t\t\t\t\t<span class=\"elementor-icon-list-text\">Tuesday 23 July<\/span>\n\t\t\t\t\t\t\t\t\t<\/li>\n\t\t\t\t\t\t<\/ul>\n\t\t\t\t\t\t<\/div>\n\t\t\t\t<\/div>\n\t\t\t\t<section data-particle_enable=\"false\" data-particle-mobile-disabled=\"false\" class=\"elementor-section elementor-inner-section elementor-element elementor-element-564d2429 elementor-section-boxed elementor-section-height-default elementor-section-height-default\" data-id=\"564d2429\" data-element_type=\"section\" data-e-type=\"section\" data-settings=\"{&quot;background_background&quot;:&quot;classic&quot;}\">\n\t\t\t\t\t\t<div class=\"elementor-container elementor-column-gap-default\">\n\t\t\t\t\t<div class=\"elementor-column elementor-col-50 elementor-inner-column elementor-element elementor-element-32fc2d8e\" data-id=\"32fc2d8e\" data-element_type=\"column\" data-e-type=\"column\" data-settings=\"{&quot;background_background&quot;:&quot;classic&quot;}\">\n\t\t\t<div class=\"elementor-widget-wrap elementor-element-populated\">\n\t\t\t\t\t\t<div class=\"elementor-element elementor-element-5f211574 elementor-align-center elementor-icon-list--layout-traditional elementor-list-item-link-full_width elementor-widget elementor-widget-icon-list\" data-id=\"5f211574\" data-element_type=\"widget\" data-e-type=\"widget\" data-widget_type=\"icon-list.default\">\n\t\t\t\t<div class=\"elementor-widget-container\">\n\t\t\t\t\t\t\t<ul class=\"elementor-icon-list-items\">\n\t\t\t\t\t\t\t<li class=\"elementor-icon-list-item\">\n\t\t\t\t\t\t\t\t\t\t\t<span class=\"elementor-icon-list-icon\">\n\t\t\t\t\t\t\t<i aria-hidden=\"true\" class=\"far fa-clock\"><\/i>\t\t\t\t\t\t<\/span>\n\t\t\t\t\t\t\t\t\t\t<span class=\"elementor-icon-list-text\">12:00 hours.<\/span>\n\t\t\t\t\t\t\t\t\t<\/li>\n\t\t\t\t\t\t<\/ul>\n\t\t\t\t\t\t<\/div>\n\t\t\t\t<\/div>\n\t\t\t\t\t<\/div>\n\t\t<\/div>\n\t\t\t\t<div class=\"elementor-column elementor-col-50 elementor-inner-column elementor-element elementor-element-11ffb9a9\" data-id=\"11ffb9a9\" data-element_type=\"column\" data-e-type=\"column\">\n\t\t\t<div class=\"elementor-widget-wrap elementor-element-populated\">\n\t\t\t\t\t\t<div class=\"elementor-element elementor-element-4fe8062e elementor-widget elementor-widget-text-editor\" data-id=\"4fe8062e\" data-element_type=\"widget\" data-e-type=\"widget\" data-widget_type=\"text-editor.default\">\n\t\t\t\t<div class=\"elementor-widget-container\">\n\t\t\t\t\t\t\t\t\t<p><strong>Round table &#8220;Realidades insulares&#8221;<\/strong>, a diagnosis of the situation of the LGTBIQ+ collective in La Palma: advances, needs and commitments. Casa de la Cultura, Los Llanos de Aridane.<\/p>\t\t\t\t\t\t\t\t<\/div>\n\t\t\t\t<\/div>\n\t\t\t\t\t<\/div>\n\t\t<\/div>\n\t\t\t\t\t<\/div>\n\t\t<\/section>\n\t\t\t\t<section data-particle_enable=\"false\" data-particle-mobile-disabled=\"false\" class=\"elementor-section elementor-inner-section elementor-element elementor-element-fce5295 elementor-section-boxed elementor-section-height-default elementor-section-height-default\" data-id=\"fce5295\" data-element_type=\"section\" data-e-type=\"section\">\n\t\t\t\t\t\t<div class=\"elementor-container elementor-column-gap-default\">\n\t\t\t\t\t<div class=\"elementor-column elementor-col-50 elementor-inner-column elementor-element elementor-element-6441f867\" data-id=\"6441f867\" data-element_type=\"column\" data-e-type=\"column\">\n\t\t\t<div class=\"elementor-widget-wrap elementor-element-populated\">\n\t\t\t\t\t\t<div class=\"elementor-element elementor-element-5a6e1fe8 elementor-align-center elementor-icon-list--layout-traditional elementor-list-item-link-full_width elementor-widget elementor-widget-icon-list\" data-id=\"5a6e1fe8\" data-element_type=\"widget\" data-e-type=\"widget\" data-widget_type=\"icon-list.default\">\n\t\t\t\t<div class=\"elementor-widget-container\">\n\t\t\t\t\t\t\t<ul class=\"elementor-icon-list-items\">\n\t\t\t\t\t\t\t<li class=\"elementor-icon-list-item\">\n\t\t\t\t\t\t\t\t\t\t\t<span class=\"elementor-icon-list-icon\">\n\t\t\t\t\t\t\t<i aria-hidden=\"true\" class=\"far fa-clock\"><\/i>\t\t\t\t\t\t<\/span>\n\t\t\t\t\t\t\t\t\t\t<span class=\"elementor-icon-list-text\">16:30 hours.<\/span>\n\t\t\t\t\t\t\t\t\t<\/li>\n\t\t\t\t\t\t<\/ul>\n\t\t\t\t\t\t<\/div>\n\t\t\t\t<\/div>\n\t\t\t\t\t<\/div>\n\t\t<\/div>\n\t\t\t\t<div class=\"elementor-column elementor-col-50 elementor-inner-column elementor-element elementor-element-5c34dc8d\" data-id=\"5c34dc8d\" data-element_type=\"column\" data-e-type=\"column\">\n\t\t\t<div class=\"elementor-widget-wrap elementor-element-populated\">\n\t\t\t\t\t\t<div class=\"elementor-element elementor-element-34594bf2 elementor-widget elementor-widget-text-editor\" data-id=\"34594bf2\" data-element_type=\"widget\" data-e-type=\"widget\" data-widget_type=\"text-editor.default\">\n\t\t\t\t<div class=\"elementor-widget-container\">\n\t\t\t\t\t\t\t\t\t<p><strong>Literary meeting with Bob Pop, Carla Antonelli and Tazarte.<\/strong> Casa de la Cultura, Los Llanos de Aridane.<\/p>\t\t\t\t\t\t\t\t<\/div>\n\t\t\t\t<\/div>\n\t\t\t\t\t<\/div>\n\t\t<\/div>\n\t\t\t\t\t<\/div>\n\t\t<\/section>\n\t\t\t\t<section data-particle_enable=\"false\" data-particle-mobile-disabled=\"false\" class=\"elementor-section elementor-inner-section elementor-element elementor-element-688de541 elementor-section-boxed elementor-section-height-default elementor-section-height-default\" data-id=\"688de541\" data-element_type=\"section\" data-e-type=\"section\" data-settings=\"{&quot;background_background&quot;:&quot;classic&quot;}\">\n\t\t\t\t\t\t<div class=\"elementor-container elementor-column-gap-default\">\n\t\t\t\t\t<div class=\"elementor-column elementor-col-50 elementor-inner-column elementor-element elementor-element-3da41e1f\" data-id=\"3da41e1f\" data-element_type=\"column\" data-e-type=\"column\">\n\t\t\t<div class=\"elementor-widget-wrap elementor-element-populated\">\n\t\t\t\t\t\t<div class=\"elementor-element elementor-element-49047018 elementor-align-center elementor-icon-list--layout-traditional elementor-list-item-link-full_width elementor-widget elementor-widget-icon-list\" data-id=\"49047018\" data-element_type=\"widget\" data-e-type=\"widget\" data-widget_type=\"icon-list.default\">\n\t\t\t\t<div class=\"elementor-widget-container\">\n\t\t\t\t\t\t\t<ul class=\"elementor-icon-list-items\">\n\t\t\t\t\t\t\t<li class=\"elementor-icon-list-item\">\n\t\t\t\t\t\t\t\t\t\t\t<span class=\"elementor-icon-list-icon\">\n\t\t\t\t\t\t\t<i aria-hidden=\"true\" class=\"far fa-clock\"><\/i>\t\t\t\t\t\t<\/span>\n\t\t\t\t\t\t\t\t\t\t<span class=\"elementor-icon-list-text\">18:30 hours.<\/span>\n\t\t\t\t\t\t\t\t\t<\/li>\n\t\t\t\t\t\t<\/ul>\n\t\t\t\t\t\t<\/div>\n\t\t\t\t<\/div>\n\t\t\t\t\t<\/div>\n\t\t<\/div>\n\t\t\t\t<div class=\"elementor-column elementor-col-50 elementor-inner-column elementor-element elementor-element-6c65148b\" data-id=\"6c65148b\" data-element_type=\"column\" data-e-type=\"column\">\n\t\t\t<div class=\"elementor-widget-wrap elementor-element-populated\">\n\t\t\t\t\t\t<div class=\"elementor-element elementor-element-35ce54eb elementor-widget elementor-widget-text-editor\" data-id=\"35ce54eb\" data-element_type=\"widget\" data-e-type=\"widget\" data-widget_type=\"text-editor.default\">\n\t\t\t\t<div class=\"elementor-widget-container\">\n\t\t\t\t\t\t\t\t\t<p><strong>Conference for the Prevention of Hate Crimes against the LGBTIQ+ Collective,<\/strong> given by the Guardia Civil. Casa de la Cultura, Los Llanos de Aridane.<\/p>\t\t\t\t\t\t\t\t<\/div>\n\t\t\t\t<\/div>\n\t\t\t\t\t<\/div>\n\t\t<\/div>\n\t\t\t\t\t<\/div>\n\t\t<\/section>\n\t\t\t\t<section data-particle_enable=\"false\" data-particle-mobile-disabled=\"false\" class=\"elementor-section elementor-inner-section elementor-element elementor-element-6e8ccae2 elementor-section-boxed elementor-section-height-default elementor-section-height-default\" data-id=\"6e8ccae2\" data-element_type=\"section\" data-e-type=\"section\">\n\t\t\t\t\t\t<div class=\"elementor-container elementor-column-gap-default\">\n\t\t\t\t\t<div class=\"elementor-column elementor-col-50 elementor-inner-column elementor-element elementor-element-47f603b8\" data-id=\"47f603b8\" data-element_type=\"column\" data-e-type=\"column\">\n\t\t\t<div class=\"elementor-widget-wrap elementor-element-populated\">\n\t\t\t\t\t\t<div class=\"elementor-element elementor-element-4d11d22a elementor-align-center elementor-icon-list--layout-traditional elementor-list-item-link-full_width elementor-widget elementor-widget-icon-list\" data-id=\"4d11d22a\" data-element_type=\"widget\" data-e-type=\"widget\" data-widget_type=\"icon-list.default\">\n\t\t\t\t<div class=\"elementor-widget-container\">\n\t\t\t\t\t\t\t<ul class=\"elementor-icon-list-items\">\n\t\t\t\t\t\t\t<li class=\"elementor-icon-list-item\">\n\t\t\t\t\t\t\t\t\t\t\t<span class=\"elementor-icon-list-icon\">\n\t\t\t\t\t\t\t<i aria-hidden=\"true\" class=\"far fa-clock\"><\/i>\t\t\t\t\t\t<\/span>\n\t\t\t\t\t\t\t\t\t\t<span class=\"elementor-icon-list-text\">21:00 hours.<\/span>\n\t\t\t\t\t\t\t\t\t<\/li>\n\t\t\t\t\t\t<\/ul>\n\t\t\t\t\t\t<\/div>\n\t\t\t\t<\/div>\n\t\t\t\t\t<\/div>\n\t\t<\/div>\n\t\t\t\t<div class=\"elementor-column elementor-col-50 elementor-inner-column elementor-element elementor-element-68a5d883\" data-id=\"68a5d883\" data-element_type=\"column\" data-e-type=\"column\">\n\t\t\t<div class=\"elementor-widget-wrap elementor-element-populated\">\n\t\t\t\t\t\t<div class=\"elementor-element elementor-element-4d4c2b64 elementor-widget elementor-widget-text-editor\" data-id=\"4d4c2b64\" data-element_type=\"widget\" data-e-type=\"widget\" data-widget_type=\"text-editor.default\">\n\t\t\t\t<div class=\"elementor-widget-container\">\n\t\t\t\t\t\t\t\t\t<p><strong>Lighting up of the Puerto de Tazacorte with the LGTBIQ+ flag, with a performance by Agoney.<\/strong> Avda. de La Constituci\u00f3n, Villa y Puerto de Tazacorte.<\/p>\t\t\t\t\t\t\t\t<\/div>\n\t\t\t\t<\/div>\n\t\t\t\t\t<\/div>\n\t\t<\/div>\n\t\t\t\t\t<\/div>\n\t\t<\/section>\n\t\t\t\t<div class=\"elementor-element elementor-element-621dfc8 elementor-align-center elementor-icon-list--layout-traditional elementor-list-item-link-full_width elementor-widget elementor-widget-icon-list\" data-id=\"621dfc8\" data-element_type=\"widget\" data-e-type=\"widget\" data-widget_type=\"icon-list.default\">\n\t\t\t\t<div class=\"elementor-widget-container\">\n\t\t\t\t\t\t\t<ul class=\"elementor-icon-list-items\">\n\t\t\t\t\t\t\t<li class=\"elementor-icon-list-item\">\n\t\t\t\t\t\t\t\t\t\t\t<span class=\"elementor-icon-list-icon\">\n\t\t\t\t\t\t\t<i aria-hidden=\"true\" class=\"far fa-calendar-alt\"><\/i>\t\t\t\t\t\t<\/span>\n\t\t\t\t\t\t\t\t\t\t<span class=\"elementor-icon-list-text\">Wednesday 24 July<\/span>\n\t\t\t\t\t\t\t\t\t<\/li>\n\t\t\t\t\t\t<\/ul>\n\t\t\t\t\t\t<\/div>\n\t\t\t\t<\/div>\n\t\t\t\t<section data-particle_enable=\"false\" data-particle-mobile-disabled=\"false\" class=\"elementor-section elementor-inner-section elementor-element elementor-element-6077a227 elementor-section-boxed elementor-section-height-default elementor-section-height-default\" data-id=\"6077a227\" data-element_type=\"section\" data-e-type=\"section\" data-settings=\"{&quot;background_background&quot;:&quot;classic&quot;}\">\n\t\t\t\t\t\t<div class=\"elementor-container elementor-column-gap-default\">\n\t\t\t\t\t<div class=\"elementor-column elementor-col-50 elementor-inner-column elementor-element elementor-element-2a373b8c\" data-id=\"2a373b8c\" data-element_type=\"column\" data-e-type=\"column\">\n\t\t\t<div class=\"elementor-widget-wrap elementor-element-populated\">\n\t\t\t\t\t\t<div class=\"elementor-element elementor-element-22011d82 elementor-align-center elementor-icon-list--layout-traditional elementor-list-item-link-full_width elementor-widget elementor-widget-icon-list\" data-id=\"22011d82\" data-element_type=\"widget\" data-e-type=\"widget\" data-widget_type=\"icon-list.default\">\n\t\t\t\t<div class=\"elementor-widget-container\">\n\t\t\t\t\t\t\t<ul class=\"elementor-icon-list-items\">\n\t\t\t\t\t\t\t<li class=\"elementor-icon-list-item\">\n\t\t\t\t\t\t\t\t\t\t\t<span class=\"elementor-icon-list-icon\">\n\t\t\t\t\t\t\t<i aria-hidden=\"true\" class=\"far fa-clock\"><\/i>\t\t\t\t\t\t<\/span>\n\t\t\t\t\t\t\t\t\t\t<span class=\"elementor-icon-list-text\">18:00 hours.<\/span>\n\t\t\t\t\t\t\t\t\t<\/li>\n\t\t\t\t\t\t<\/ul>\n\t\t\t\t\t\t<\/div>\n\t\t\t\t<\/div>\n\t\t\t\t\t<\/div>\n\t\t<\/div>\n\t\t\t\t<div class=\"elementor-column elementor-col-50 elementor-inner-column elementor-element elementor-element-41dc8a0e\" data-id=\"41dc8a0e\" data-element_type=\"column\" data-e-type=\"column\">\n\t\t\t<div class=\"elementor-widget-wrap elementor-element-populated\">\n\t\t\t\t\t\t<div class=\"elementor-element elementor-element-1a5335cd elementor-widget elementor-widget-text-editor\" data-id=\"1a5335cd\" data-element_type=\"widget\" data-e-type=\"widget\" data-widget_type=\"text-editor.default\">\n\t\t\t\t<div class=\"elementor-widget-container\">\n\t\t\t\t\t\t\t\t\t<p><strong>Encounter with Az\u00facar Moreno.<\/strong> Casa de la Cultura, Los Llanos de Aridane.<\/p>\t\t\t\t\t\t\t\t<\/div>\n\t\t\t\t<\/div>\n\t\t\t\t\t<\/div>\n\t\t<\/div>\n\t\t\t\t\t<\/div>\n\t\t<\/section>\n\t\t\t\t<section data-particle_enable=\"false\" data-particle-mobile-disabled=\"false\" class=\"elementor-section elementor-inner-section elementor-element elementor-element-1d54b77b elementor-section-boxed elementor-section-height-default elementor-section-height-default\" data-id=\"1d54b77b\" data-element_type=\"section\" data-e-type=\"section\" data-settings=\"{&quot;background_background&quot;:&quot;classic&quot;}\">\n\t\t\t\t\t\t<div class=\"elementor-container elementor-column-gap-default\">\n\t\t\t\t\t<div class=\"elementor-column elementor-col-50 elementor-inner-column elementor-element elementor-element-2d93bc1d\" data-id=\"2d93bc1d\" data-element_type=\"column\" data-e-type=\"column\">\n\t\t\t<div class=\"elementor-widget-wrap elementor-element-populated\">\n\t\t\t\t\t\t<div class=\"elementor-element elementor-element-54822e05 elementor-align-center elementor-icon-list--layout-traditional elementor-list-item-link-full_width elementor-widget elementor-widget-icon-list\" data-id=\"54822e05\" data-element_type=\"widget\" data-e-type=\"widget\" data-widget_type=\"icon-list.default\">\n\t\t\t\t<div class=\"elementor-widget-container\">\n\t\t\t\t\t\t\t<ul class=\"elementor-icon-list-items\">\n\t\t\t\t\t\t\t<li class=\"elementor-icon-list-item\">\n\t\t\t\t\t\t\t\t\t\t\t<span class=\"elementor-icon-list-icon\">\n\t\t\t\t\t\t\t<i aria-hidden=\"true\" class=\"far fa-clock\"><\/i>\t\t\t\t\t\t<\/span>\n\t\t\t\t\t\t\t\t\t\t<span class=\"elementor-icon-list-text\">19:00 hours.<\/span>\n\t\t\t\t\t\t\t\t\t<\/li>\n\t\t\t\t\t\t<\/ul>\n\t\t\t\t\t\t<\/div>\n\t\t\t\t<\/div>\n\t\t\t\t\t<\/div>\n\t\t<\/div>\n\t\t\t\t<div class=\"elementor-column elementor-col-50 elementor-inner-column elementor-element elementor-element-6cd0eee7\" data-id=\"6cd0eee7\" data-element_type=\"column\" data-e-type=\"column\">\n\t\t\t<div class=\"elementor-widget-wrap elementor-element-populated\">\n\t\t\t\t\t\t<div class=\"elementor-element elementor-element-605b0e93 elementor-widget elementor-widget-text-editor\" data-id=\"605b0e93\" data-element_type=\"widget\" data-e-type=\"widget\" data-widget_type=\"text-editor.default\">\n\t\t\t\t<div class=\"elementor-widget-container\">\n\t\t\t\t\t\t\t\t\t<p><strong>Meeting with Laura Terciado.<\/strong> Casa de la Cultura, Los Llanos de Aridane.<\/p>\t\t\t\t\t\t\t\t<\/div>\n\t\t\t\t<\/div>\n\t\t\t\t\t<\/div>\n\t\t<\/div>\n\t\t\t\t\t<\/div>\n\t\t<\/section>\n\t\t\t\t<div class=\"elementor-element elementor-element-2bb899bc elementor-align-center elementor-icon-list--layout-traditional elementor-list-item-link-full_width elementor-widget elementor-widget-icon-list\" data-id=\"2bb899bc\" data-element_type=\"widget\" data-e-type=\"widget\" data-widget_type=\"icon-list.default\">\n\t\t\t\t<div class=\"elementor-widget-container\">\n\t\t\t\t\t\t\t<ul class=\"elementor-icon-list-items\">\n\t\t\t\t\t\t\t<li class=\"elementor-icon-list-item\">\n\t\t\t\t\t\t\t\t\t\t\t<span class=\"elementor-icon-list-icon\">\n\t\t\t\t\t\t\t<i aria-hidden=\"true\" class=\"far fa-calendar-alt\"><\/i>\t\t\t\t\t\t<\/span>\n\t\t\t\t\t\t\t\t\t\t<span class=\"elementor-icon-list-text\">Thursday 25 July<\/span>\n\t\t\t\t\t\t\t\t\t<\/li>\n\t\t\t\t\t\t<\/ul>\n\t\t\t\t\t\t<\/div>\n\t\t\t\t<\/div>\n\t\t\t\t<section data-particle_enable=\"false\" data-particle-mobile-disabled=\"false\" class=\"elementor-section elementor-inner-section elementor-element elementor-element-2452dfa4 elementor-section-boxed elementor-section-height-default elementor-section-height-default\" data-id=\"2452dfa4\" data-element_type=\"section\" data-e-type=\"section\" data-settings=\"{&quot;background_background&quot;:&quot;classic&quot;}\">\n\t\t\t\t\t\t<div class=\"elementor-container elementor-column-gap-default\">\n\t\t\t\t\t<div class=\"elementor-column elementor-col-50 elementor-inner-column elementor-element elementor-element-2ece3816\" data-id=\"2ece3816\" data-element_type=\"column\" data-e-type=\"column\">\n\t\t\t<div class=\"elementor-widget-wrap elementor-element-populated\">\n\t\t\t\t\t\t<div class=\"elementor-element elementor-element-22aa66d1 elementor-align-center elementor-icon-list--layout-traditional elementor-list-item-link-full_width elementor-widget elementor-widget-icon-list\" data-id=\"22aa66d1\" data-element_type=\"widget\" data-e-type=\"widget\" data-widget_type=\"icon-list.default\">\n\t\t\t\t<div class=\"elementor-widget-container\">\n\t\t\t\t\t\t\t<ul class=\"elementor-icon-list-items\">\n\t\t\t\t\t\t\t<li class=\"elementor-icon-list-item\">\n\t\t\t\t\t\t\t\t\t\t\t<span class=\"elementor-icon-list-icon\">\n\t\t\t\t\t\t\t<i aria-hidden=\"true\" class=\"far fa-clock\"><\/i>\t\t\t\t\t\t<\/span>\n\t\t\t\t\t\t\t\t\t\t<span class=\"elementor-icon-list-text\">12:00 hours.<\/span>\n\t\t\t\t\t\t\t\t\t<\/li>\n\t\t\t\t\t\t<\/ul>\n\t\t\t\t\t\t<\/div>\n\t\t\t\t<\/div>\n\t\t\t\t\t<\/div>\n\t\t<\/div>\n\t\t\t\t<div class=\"elementor-column elementor-col-50 elementor-inner-column elementor-element elementor-element-28439e78\" data-id=\"28439e78\" data-element_type=\"column\" data-e-type=\"column\">\n\t\t\t<div class=\"elementor-widget-wrap elementor-element-populated\">\n\t\t\t\t\t\t<div class=\"elementor-element elementor-element-669e5ab8 elementor-widget elementor-widget-text-editor\" data-id=\"669e5ab8\" data-element_type=\"widget\" data-e-type=\"widget\" data-widget_type=\"text-editor.default\">\n\t\t\t\t<div class=\"elementor-widget-container\">\n\t\t\t\t\t\t\t\t\t<p><strong>Political and Social Convention for a Fairer and More Equal Society: the reality of diverse families.<\/strong> Casa de la Cultura, Los Llanos de Aridane.<\/p>\t\t\t\t\t\t\t\t<\/div>\n\t\t\t\t<\/div>\n\t\t\t\t\t<\/div>\n\t\t<\/div>\n\t\t\t\t\t<\/div>\n\t\t<\/section>\n\t\t\t\t<section data-particle_enable=\"false\" data-particle-mobile-disabled=\"false\" class=\"elementor-section elementor-inner-section elementor-element elementor-element-5b524423 elementor-section-boxed elementor-section-height-default elementor-section-height-default\" data-id=\"5b524423\" data-element_type=\"section\" data-e-type=\"section\">\n\t\t\t\t\t\t<div class=\"elementor-container elementor-column-gap-default\">\n\t\t\t\t\t<div class=\"elementor-column elementor-col-50 elementor-inner-column elementor-element elementor-element-41f2da73\" data-id=\"41f2da73\" data-element_type=\"column\" data-e-type=\"column\">\n\t\t\t<div class=\"elementor-widget-wrap elementor-element-populated\">\n\t\t\t\t\t\t<div class=\"elementor-element elementor-element-6ae2e2d9 elementor-align-center elementor-icon-list--layout-traditional elementor-list-item-link-full_width elementor-widget elementor-widget-icon-list\" data-id=\"6ae2e2d9\" data-element_type=\"widget\" data-e-type=\"widget\" data-widget_type=\"icon-list.default\">\n\t\t\t\t<div class=\"elementor-widget-container\">\n\t\t\t\t\t\t\t<ul class=\"elementor-icon-list-items\">\n\t\t\t\t\t\t\t<li class=\"elementor-icon-list-item\">\n\t\t\t\t\t\t\t\t\t\t\t<span class=\"elementor-icon-list-icon\">\n\t\t\t\t\t\t\t<i aria-hidden=\"true\" class=\"far fa-clock\"><\/i>\t\t\t\t\t\t<\/span>\n\t\t\t\t\t\t\t\t\t\t<span class=\"elementor-icon-list-text\">21:30 hours.<\/span>\n\t\t\t\t\t\t\t\t\t<\/li>\n\t\t\t\t\t\t<\/ul>\n\t\t\t\t\t\t<\/div>\n\t\t\t\t<\/div>\n\t\t\t\t\t<\/div>\n\t\t<\/div>\n\t\t\t\t<div class=\"elementor-column elementor-col-50 elementor-inner-column elementor-element elementor-element-222056cf\" data-id=\"222056cf\" data-element_type=\"column\" data-e-type=\"column\">\n\t\t\t<div class=\"elementor-widget-wrap elementor-element-populated\">\n\t\t\t\t\t\t<div class=\"elementor-element elementor-element-7518ecb1 elementor-widget elementor-widget-text-editor\" data-id=\"7518ecb1\" data-element_type=\"widget\" data-e-type=\"widget\" data-widget_type=\"text-editor.default\">\n\t\t\t\t<div class=\"elementor-widget-container\">\n\t\t\t\t\t\t\t\t\t<p><strong>Inauguration of Plaza del Orgullo in El Paso, with the performance of Az\u00facar Moreno and Drag Sethlas.<\/strong> Plaza Francisca de Gazmira, El Paso<\/p>\t\t\t\t\t\t\t\t<\/div>\n\t\t\t\t<\/div>\n\t\t\t\t\t<\/div>\n\t\t<\/div>\n\t\t\t\t\t<\/div>\n\t\t<\/section>\n\t\t\t\t<div class=\"elementor-element elementor-element-34276c75 elementor-align-center elementor-icon-list--layout-traditional elementor-list-item-link-full_width elementor-widget elementor-widget-icon-list\" data-id=\"34276c75\" data-element_type=\"widget\" data-e-type=\"widget\" data-widget_type=\"icon-list.default\">\n\t\t\t\t<div class=\"elementor-widget-container\">\n\t\t\t\t\t\t\t<ul class=\"elementor-icon-list-items\">\n\t\t\t\t\t\t\t<li class=\"elementor-icon-list-item\">\n\t\t\t\t\t\t\t\t\t\t\t<span class=\"elementor-icon-list-icon\">\n\t\t\t\t\t\t\t<i aria-hidden=\"true\" class=\"far fa-calendar-alt\"><\/i>\t\t\t\t\t\t<\/span>\n\t\t\t\t\t\t\t\t\t\t<span class=\"elementor-icon-list-text\">Friday 26 July<\/span>\n\t\t\t\t\t\t\t\t\t<\/li>\n\t\t\t\t\t\t<\/ul>\n\t\t\t\t\t\t<\/div>\n\t\t\t\t<\/div>\n\t\t\t\t<section data-particle_enable=\"false\" data-particle-mobile-disabled=\"false\" class=\"elementor-section elementor-inner-section elementor-element elementor-element-3fa8ab5 elementor-section-boxed elementor-section-height-default elementor-section-height-default\" data-id=\"3fa8ab5\" data-element_type=\"section\" data-e-type=\"section\" data-settings=\"{&quot;background_background&quot;:&quot;classic&quot;}\">\n\t\t\t\t\t\t<div class=\"elementor-container elementor-column-gap-default\">\n\t\t\t\t\t<div class=\"elementor-column elementor-col-50 elementor-inner-column elementor-element elementor-element-3df2aa69\" data-id=\"3df2aa69\" data-element_type=\"column\" data-e-type=\"column\">\n\t\t\t<div class=\"elementor-widget-wrap elementor-element-populated\">\n\t\t\t\t\t\t<div class=\"elementor-element elementor-element-53912a35 elementor-align-center elementor-icon-list--layout-traditional elementor-list-item-link-full_width elementor-widget elementor-widget-icon-list\" data-id=\"53912a35\" data-element_type=\"widget\" data-e-type=\"widget\" data-widget_type=\"icon-list.default\">\n\t\t\t\t<div class=\"elementor-widget-container\">\n\t\t\t\t\t\t\t<ul class=\"elementor-icon-list-items\">\n\t\t\t\t\t\t\t<li class=\"elementor-icon-list-item\">\n\t\t\t\t\t\t\t\t\t\t\t<span class=\"elementor-icon-list-icon\">\n\t\t\t\t\t\t\t<i aria-hidden=\"true\" class=\"far fa-clock\"><\/i>\t\t\t\t\t\t<\/span>\n\t\t\t\t\t\t\t\t\t\t<span class=\"elementor-icon-list-text\">12:00 hours.<\/span>\n\t\t\t\t\t\t\t\t\t<\/li>\n\t\t\t\t\t\t<\/ul>\n\t\t\t\t\t\t<\/div>\n\t\t\t\t<\/div>\n\t\t\t\t\t<\/div>\n\t\t<\/div>\n\t\t\t\t<div class=\"elementor-column elementor-col-50 elementor-inner-column elementor-element elementor-element-756524f7\" data-id=\"756524f7\" data-element_type=\"column\" data-e-type=\"column\">\n\t\t\t<div class=\"elementor-widget-wrap elementor-element-populated\">\n\t\t\t\t\t\t<div class=\"elementor-element elementor-element-a62433e elementor-widget elementor-widget-text-editor\" data-id=\"a62433e\" data-element_type=\"widget\" data-e-type=\"widget\" data-widget_type=\"text-editor.default\">\n\t\t\t\t<div class=\"elementor-widget-container\">\n\t\t\t\t\t\t\t\t\t<p><strong>Legal Conference: Challenges for Justice in Equality Matters,<\/strong> with the collaboration of the Asociaci\u00f3n de Profesionales de La Palma. Casa de la Cultura, Los Llanos de Aridane.<\/p>\t\t\t\t\t\t\t\t<\/div>\n\t\t\t\t<\/div>\n\t\t\t\t\t<\/div>\n\t\t<\/div>\n\t\t\t\t\t<\/div>\n\t\t<\/section>\n\t\t\t\t<section data-particle_enable=\"false\" data-particle-mobile-disabled=\"false\" class=\"elementor-section elementor-inner-section elementor-element elementor-element-48b98005 elementor-section-boxed elementor-section-height-default elementor-section-height-default\" data-id=\"48b98005\" data-element_type=\"section\" data-e-type=\"section\">\n\t\t\t\t\t\t<div class=\"elementor-container elementor-column-gap-default\">\n\t\t\t\t\t<div class=\"elementor-column elementor-col-50 elementor-inner-column elementor-element elementor-element-729a839e\" data-id=\"729a839e\" data-element_type=\"column\" data-e-type=\"column\">\n\t\t\t<div class=\"elementor-widget-wrap elementor-element-populated\">\n\t\t\t\t\t\t<div class=\"elementor-element elementor-element-50d71f71 elementor-align-center elementor-icon-list--layout-traditional elementor-list-item-link-full_width elementor-widget elementor-widget-icon-list\" data-id=\"50d71f71\" data-element_type=\"widget\" data-e-type=\"widget\" data-widget_type=\"icon-list.default\">\n\t\t\t\t<div class=\"elementor-widget-container\">\n\t\t\t\t\t\t\t<ul class=\"elementor-icon-list-items\">\n\t\t\t\t\t\t\t<li class=\"elementor-icon-list-item\">\n\t\t\t\t\t\t\t\t\t\t\t<span class=\"elementor-icon-list-icon\">\n\t\t\t\t\t\t\t<i aria-hidden=\"true\" class=\"far fa-clock\"><\/i>\t\t\t\t\t\t<\/span>\n\t\t\t\t\t\t\t\t\t\t<span class=\"elementor-icon-list-text\">19:00 hours.<\/span>\n\t\t\t\t\t\t\t\t\t<\/li>\n\t\t\t\t\t\t<\/ul>\n\t\t\t\t\t\t<\/div>\n\t\t\t\t<\/div>\n\t\t\t\t\t<\/div>\n\t\t<\/div>\n\t\t\t\t<div class=\"elementor-column elementor-col-50 elementor-inner-column elementor-element elementor-element-17f7975f\" data-id=\"17f7975f\" data-element_type=\"column\" data-e-type=\"column\">\n\t\t\t<div class=\"elementor-widget-wrap elementor-element-populated\">\n\t\t\t\t\t\t<div class=\"elementor-element elementor-element-394b9376 elementor-widget elementor-widget-text-editor\" data-id=\"394b9376\" data-element_type=\"widget\" data-e-type=\"widget\" data-widget_type=\"text-editor.default\">\n\t\t\t\t<div class=\"elementor-widget-container\">\n\t\t\t\t\t\t\t\t\t<p><strong>Meeting with Topacio Fresh and The Cultural Magazine.<\/strong> Casa de la Cultura, Los Llanos de Aridane.<\/p>\t\t\t\t\t\t\t\t<\/div>\n\t\t\t\t<\/div>\n\t\t\t\t\t<\/div>\n\t\t<\/div>\n\t\t\t\t\t<\/div>\n\t\t<\/section>\n\t\t\t\t<section data-particle_enable=\"false\" data-particle-mobile-disabled=\"false\" class=\"elementor-section elementor-inner-section elementor-element elementor-element-6d85536e elementor-section-boxed elementor-section-height-default elementor-section-height-default\" data-id=\"6d85536e\" data-element_type=\"section\" data-e-type=\"section\" data-settings=\"{&quot;background_background&quot;:&quot;classic&quot;}\">\n\t\t\t\t\t\t<div class=\"elementor-container elementor-column-gap-default\">\n\t\t\t\t\t<div class=\"elementor-column elementor-col-50 elementor-inner-column elementor-element elementor-element-37731eb5\" data-id=\"37731eb5\" data-element_type=\"column\" data-e-type=\"column\">\n\t\t\t<div class=\"elementor-widget-wrap elementor-element-populated\">\n\t\t\t\t\t\t<div class=\"elementor-element elementor-element-21f1f31 elementor-align-center elementor-icon-list--layout-traditional elementor-list-item-link-full_width elementor-widget elementor-widget-icon-list\" data-id=\"21f1f31\" data-element_type=\"widget\" data-e-type=\"widget\" data-widget_type=\"icon-list.default\">\n\t\t\t\t<div class=\"elementor-widget-container\">\n\t\t\t\t\t\t\t<ul class=\"elementor-icon-list-items\">\n\t\t\t\t\t\t\t<li class=\"elementor-icon-list-item\">\n\t\t\t\t\t\t\t\t\t\t\t<span class=\"elementor-icon-list-icon\">\n\t\t\t\t\t\t\t<i aria-hidden=\"true\" class=\"far fa-clock\"><\/i>\t\t\t\t\t\t<\/span>\n\t\t\t\t\t\t\t\t\t\t<span class=\"elementor-icon-list-text\">20:00 hours.<\/span>\n\t\t\t\t\t\t\t\t\t<\/li>\n\t\t\t\t\t\t<\/ul>\n\t\t\t\t\t\t<\/div>\n\t\t\t\t<\/div>\n\t\t\t\t\t<\/div>\n\t\t<\/div>\n\t\t\t\t<div class=\"elementor-column elementor-col-50 elementor-inner-column elementor-element elementor-element-56e3848e\" data-id=\"56e3848e\" data-element_type=\"column\" data-e-type=\"column\">\n\t\t\t<div class=\"elementor-widget-wrap elementor-element-populated\">\n\t\t\t\t\t\t<div class=\"elementor-element elementor-element-3a4c4d42 elementor-widget elementor-widget-text-editor\" data-id=\"3a4c4d42\" data-element_type=\"widget\" data-e-type=\"widget\" data-widget_type=\"text-editor.default\">\n\t\t\t\t<div class=\"elementor-widget-container\">\n\t\t\t\t\t\t\t\t\t<p><strong>Gastro &amp; Love, with the participation of Isla Bonita Moda.<\/strong> Plaza de Espa\u00f1a, Los Llanos de Aridane.<\/p>\t\t\t\t\t\t\t\t<\/div>\n\t\t\t\t<\/div>\n\t\t\t\t\t<\/div>\n\t\t<\/div>\n\t\t\t\t\t<\/div>\n\t\t<\/section>\n\t\t\t\t<section data-particle_enable=\"false\" data-particle-mobile-disabled=\"false\" class=\"elementor-section elementor-inner-section elementor-element elementor-element-a987f20 elementor-section-boxed elementor-section-height-default elementor-section-height-default\" data-id=\"a987f20\" data-element_type=\"section\" data-e-type=\"section\" data-settings=\"{&quot;background_background&quot;:&quot;classic&quot;}\">\n\t\t\t\t\t\t<div class=\"elementor-container elementor-column-gap-default\">\n\t\t\t\t\t<div class=\"elementor-column elementor-col-50 elementor-inner-column elementor-element elementor-element-6ff640c\" data-id=\"6ff640c\" data-element_type=\"column\" data-e-type=\"column\">\n\t\t\t<div class=\"elementor-widget-wrap elementor-element-populated\">\n\t\t\t\t\t\t<div class=\"elementor-element elementor-element-142c8da elementor-align-center elementor-icon-list--layout-traditional elementor-list-item-link-full_width elementor-widget elementor-widget-icon-list\" data-id=\"142c8da\" data-element_type=\"widget\" data-e-type=\"widget\" data-widget_type=\"icon-list.default\">\n\t\t\t\t<div class=\"elementor-widget-container\">\n\t\t\t\t\t\t\t<ul class=\"elementor-icon-list-items\">\n\t\t\t\t\t\t\t<li class=\"elementor-icon-list-item\">\n\t\t\t\t\t\t\t\t\t\t\t<span class=\"elementor-icon-list-icon\">\n\t\t\t\t\t\t\t<i aria-hidden=\"true\" class=\"far fa-clock\"><\/i>\t\t\t\t\t\t<\/span>\n\t\t\t\t\t\t\t\t\t\t<span class=\"elementor-icon-list-text\">20:30 hours.<\/span>\n\t\t\t\t\t\t\t\t\t<\/li>\n\t\t\t\t\t\t<\/ul>\n\t\t\t\t\t\t<\/div>\n\t\t\t\t<\/div>\n\t\t\t\t\t<\/div>\n\t\t<\/div>\n\t\t\t\t<div class=\"elementor-column elementor-col-50 elementor-inner-column elementor-element elementor-element-87beabf\" data-id=\"87beabf\" data-element_type=\"column\" data-e-type=\"column\">\n\t\t\t<div class=\"elementor-widget-wrap elementor-element-populated\">\n\t\t\t\t\t\t<div class=\"elementor-element elementor-element-ff8750d elementor-widget elementor-widget-text-editor\" data-id=\"ff8750d\" data-element_type=\"widget\" data-e-type=\"widget\" data-widget_type=\"text-editor.default\">\n\t\t\t\t<div class=\"elementor-widget-container\">\n\t\t\t\t\t\t\t\t\t<p><strong>Awards Ceremony of the Isla Bonita Love Festival Shop Window Competition<\/strong>. Plaza de Espa\u00f1a, Los Llanos de Aridane<\/p>\t\t\t\t\t\t\t\t<\/div>\n\t\t\t\t<\/div>\n\t\t\t\t\t<\/div>\n\t\t<\/div>\n\t\t\t\t\t<\/div>\n\t\t<\/section>\n\t\t\t\t<div class=\"elementor-element elementor-element-1dd82e68 elementor-align-center elementor-icon-list--layout-traditional elementor-list-item-link-full_width elementor-widget elementor-widget-icon-list\" data-id=\"1dd82e68\" data-element_type=\"widget\" data-e-type=\"widget\" data-widget_type=\"icon-list.default\">\n\t\t\t\t<div class=\"elementor-widget-container\">\n\t\t\t\t\t\t\t<ul class=\"elementor-icon-list-items\">\n\t\t\t\t\t\t\t<li class=\"elementor-icon-list-item\">\n\t\t\t\t\t\t\t\t\t\t\t<span class=\"elementor-icon-list-icon\">\n\t\t\t\t\t\t\t<i aria-hidden=\"true\" class=\"far fa-calendar-alt\"><\/i>\t\t\t\t\t\t<\/span>\n\t\t\t\t\t\t\t\t\t\t<span class=\"elementor-icon-list-text\">Saturday 27 July<\/span>\n\t\t\t\t\t\t\t\t\t<\/li>\n\t\t\t\t\t\t<\/ul>\n\t\t\t\t\t\t<\/div>\n\t\t\t\t<\/div>\n\t\t\t\t<section data-particle_enable=\"false\" data-particle-mobile-disabled=\"false\" class=\"elementor-section elementor-inner-section elementor-element elementor-element-622dfcfb elementor-section-boxed elementor-section-height-default elementor-section-height-default\" data-id=\"622dfcfb\" data-element_type=\"section\" data-e-type=\"section\">\n\t\t\t\t\t\t<div class=\"elementor-container elementor-column-gap-default\">\n\t\t\t\t\t<div class=\"elementor-column elementor-col-50 elementor-inner-column elementor-element elementor-element-7b41992b\" data-id=\"7b41992b\" data-element_type=\"column\" data-e-type=\"column\">\n\t\t\t<div class=\"elementor-widget-wrap elementor-element-populated\">\n\t\t\t\t\t\t<div class=\"elementor-element elementor-element-70d7186a elementor-align-center elementor-icon-list--layout-traditional elementor-list-item-link-full_width elementor-widget elementor-widget-icon-list\" data-id=\"70d7186a\" data-element_type=\"widget\" data-e-type=\"widget\" data-widget_type=\"icon-list.default\">\n\t\t\t\t<div class=\"elementor-widget-container\">\n\t\t\t\t\t\t\t<ul class=\"elementor-icon-list-items\">\n\t\t\t\t\t\t\t<li class=\"elementor-icon-list-item\">\n\t\t\t\t\t\t\t\t\t\t\t<span class=\"elementor-icon-list-icon\">\n\t\t\t\t\t\t\t<i aria-hidden=\"true\" class=\"far fa-clock\"><\/i>\t\t\t\t\t\t<\/span>\n\t\t\t\t\t\t\t\t\t\t<span class=\"elementor-icon-list-text\">17:00 hours.<\/span>\n\t\t\t\t\t\t\t\t\t<\/li>\n\t\t\t\t\t\t<\/ul>\n\t\t\t\t\t\t<\/div>\n\t\t\t\t<\/div>\n\t\t\t\t\t<\/div>\n\t\t<\/div>\n\t\t\t\t<div class=\"elementor-column elementor-col-50 elementor-inner-column elementor-element elementor-element-55e816bd\" data-id=\"55e816bd\" data-element_type=\"column\" data-e-type=\"column\">\n\t\t\t<div class=\"elementor-widget-wrap elementor-element-populated\">\n\t\t\t\t\t\t<div class=\"elementor-element elementor-element-6ddfe51f elementor-widget elementor-widget-text-editor\" data-id=\"6ddfe51f\" data-element_type=\"widget\" data-e-type=\"widget\" data-widget_type=\"text-editor.default\">\n\t\t\t\t<div class=\"elementor-widget-container\">\n\t\t\t\t\t\t\t\t\t<p><strong>Macroconcert Isla Bonita Love Festival 2024<\/strong> with Ricky Martin, Martin Garrix, Chanel, Ptazeta, St. Pedro, Kingdom and Orribo. Puerto de Tazacorte.<\/p>\t\t\t\t\t\t\t\t<\/div>\n\t\t\t\t<\/div>\n\t\t\t\t\t<\/div>\n\t\t<\/div>\n\t\t\t\t\t<\/div>\n\t\t<\/section>\n\t\t\t\t<section data-particle_enable=\"false\" data-particle-mobile-disabled=\"false\" class=\"elementor-section elementor-inner-section elementor-element elementor-element-365ff091 elementor-section-boxed elementor-section-height-default elementor-section-height-default\" data-id=\"365ff091\" data-element_type=\"section\" data-e-type=\"section\">\n\t\t\t\t\t\t<div class=\"elementor-container elementor-column-gap-default\">\n\t\t\t\t\t<div class=\"elementor-column elementor-col-100 elementor-inner-column elementor-element elementor-element-2e66706a\" data-id=\"2e66706a\" data-element_type=\"column\" data-e-type=\"column\">\n\t\t\t<div class=\"elementor-widget-wrap elementor-element-populated\">\n\t\t\t\t\t\t<div class=\"elementor-element elementor-element-54fa5572 elementor-button-success elementor-align-center elementor-widget elementor-widget-button\" data-id=\"54fa5572\" data-element_type=\"widget\" data-e-type=\"widget\" data-widget_type=\"button.default\">\n\t\t\t\t<div class=\"elementor-widget-container\">\n\t\t\t\t\t\t\t\t\t<div class=\"elementor-button-wrapper\">\n\t\t\t\t\t<a class=\"elementor-button elementor-button-link elementor-size-sm elementor-animation-shrink\" href=\"https:\/\/www.islabonitalovefestival.es\/wp-content\/uploads\/2024\/07\/Agenda_Social_2024.pdf\" target=\"_blank\">\n\t\t\t\t\t\t<span class=\"elementor-button-content-wrapper\">\n\t\t\t\t\t\t<span class=\"elementor-button-icon\">\n\t\t\t\t<i aria-hidden=\"true\" class=\"far fa-calendar-alt\"><\/i>\t\t\t<\/span>\n\t\t\t\t\t\t\t\t\t<span class=\"elementor-button-text\">Download the social agenda<\/span>\n\t\t\t\t\t<\/span>\n\t\t\t\t\t<\/a>\n\t\t\t\t<\/div>\n\t\t\t\t\t\t\t\t<\/div>\n\t\t\t\t<\/div>\n\t\t\t\t<div class=\"elementor-element elementor-element-6187659a elementor-widget elementor-widget-image\" data-id=\"6187659a\" data-element_type=\"widget\" data-e-type=\"widget\" data-widget_type=\"image.default\">\n\t\t\t\t<div class=\"elementor-widget-container\">\n\t\t\t\t\t\t\t\t\t\t\t\t\t\t\t<img fetchpriority=\"high\" decoding=\"async\" width=\"478\" height=\"125\" src=\"https:\/\/www.islabonitalovefestival.es\/wp-content\/uploads\/2024\/07\/Agenda_Social.webp\" class=\"attachment-large size-large wp-image-17793\" alt=\"\" srcset=\"https:\/\/www.islabonitalovefestival.es\/wp-content\/uploads\/2024\/07\/Agenda_Social.webp 478w, https:\/\/www.islabonitalovefestival.es\/wp-content\/uploads\/2024\/07\/Agenda_Social-300x78.webp 300w\" sizes=\"(max-width: 478px) 100vw, 478px\" \/>\t\t\t\t\t\t\t\t\t\t\t\t\t\t\t<\/div>\n\t\t\t\t<\/div>\n\t\t\t\t\t<\/div>\n\t\t<\/div>\n\t\t\t\t\t<\/div>\n\t\t<\/section>\n\t\t\t\t\t<\/div>\n\t\t<\/div>\n\t\t\t\t\t<\/div>\n\t\t<\/section>\n\t\t\t\t<\/div>\n\t\t","protected":false},"excerpt":{"rendered":"<p>Tuesday 23 July 12:00 hours. Round table &#8220;Realidades insulares&#8221;, a diagnosis of the situation of the LGTBIQ+ collective in La Palma: advances, needs and commitments. Casa de la Cultura, Los Llanos de Aridane. 16:30 hours. Literary meeting with Bob Pop, Carla Antonelli and Tazarte. Casa de la Cultura, Los Llanos de Aridane. 18:30 hours. Conference &#8230; <a title=\"Social Agenda\" class=\"read-more\" href=\"https:\/\/www.islabonitalovefestival.es\/en\/social-agenda\/\" aria-label=\"Read more about Social Agenda\">Read more<\/a><\/p>\n","protected":false},"author":1,"featured_media":0,"parent":0,"menu_order":0,"comment_status":"closed","ping_status":"closed","template":"","meta":{"footnotes":""},"class_list":["post-13366","page","type-page","status-publish"],"yoast_head":"<!-- This site is optimized with the Yoast SEO Premium plugin v22.0 (Yoast SEO v27.0) - https:\/\/yoast.com\/product\/yoast-seo-premium-wordpress\/ -->\n<title>Social Agenda - Isla Bonita Love Festival<\/title>\n<meta name=\"robots\" content=\"index, follow, max-snippet:-1, max-image-preview:large, max-video-preview:-1\" \/>\n<link rel=\"canonical\" href=\"https:\/\/www.islabonitalovefestival.es\/en\/social-agenda\/\" \/>\n<meta property=\"og:locale\" content=\"en_US\" \/>\n<meta property=\"og:type\" content=\"article\" \/>\n<meta property=\"og:title\" content=\"Social Agenda\" \/>\n<meta property=\"og:description\" content=\"Tuesday 23 July 12:00 hours. Round table &#8220;Realidades insulares&#8221;, a diagnosis of the situation of the LGTBIQ+ collective in La Palma: advances, needs and commitments. Casa de la Cultura, Los Llanos de Aridane. 16:30 hours. Literary meeting with Bob Pop, Carla Antonelli and Tazarte. Casa de la Cultura, Los Llanos de Aridane. 18:30 hours. Conference ... Read more\" \/>\n<meta property=\"og:url\" content=\"https:\/\/www.islabonitalovefestival.es\/en\/social-agenda\/\" \/>\n<meta property=\"og:site_name\" content=\"Isla Bonita Love Festival\" \/>\n<meta property=\"article:publisher\" content=\"https:\/\/www.facebook.com\/islabonitalovefestival\/\" \/>\n<meta property=\"article:modified_time\" content=\"2024-07-25T07:32:57+00:00\" \/>\n<meta property=\"og:image\" content=\"https:\/\/www.islabonitalovefestival.es\/wp-content\/uploads\/2024\/07\/Agenda_Social.webp\" \/>\n<meta name=\"twitter:card\" content=\"summary_large_image\" \/>\n<meta name=\"twitter:site\" content=\"@IslaBonitaLoveF\" \/>\n<script type=\"application\/ld+json\" class=\"yoast-schema-graph\">{\"@context\":\"https:\/\/schema.org\",\"@graph\":[{\"@type\":\"WebPage\",\"@id\":\"https:\/\/www.islabonitalovefestival.es\/en\/social-agenda\/\",\"url\":\"https:\/\/www.islabonitalovefestival.es\/en\/social-agenda\/\",\"name\":\"Social Agenda - Isla Bonita Love Festival\",\"isPartOf\":{\"@id\":\"https:\/\/www.islabonitalovefestival.es\/#website\"},\"primaryImageOfPage\":{\"@id\":\"https:\/\/www.islabonitalovefestival.es\/en\/social-agenda\/#primaryimage\"},\"image\":{\"@id\":\"https:\/\/www.islabonitalovefestival.es\/en\/social-agenda\/#primaryimage\"},\"thumbnailUrl\":\"https:\/\/www.islabonitalovefestival.es\/wp-content\/uploads\/2024\/07\/Agenda_Social.webp\",\"datePublished\":\"2019-07-08T21:00:38+00:00\",\"dateModified\":\"2024-07-25T07:32:57+00:00\",\"breadcrumb\":{\"@id\":\"https:\/\/www.islabonitalovefestival.es\/en\/social-agenda\/#breadcrumb\"},\"inLanguage\":\"en-US\",\"potentialAction\":[{\"@type\":\"ReadAction\",\"target\":[\"https:\/\/www.islabonitalovefestival.es\/en\/social-agenda\/\"]}]},{\"@type\":\"ImageObject\",\"inLanguage\":\"en-US\",\"@id\":\"https:\/\/www.islabonitalovefestival.es\/en\/social-agenda\/#primaryimage\",\"url\":\"https:\/\/www.islabonitalovefestival.es\/wp-content\/uploads\/2024\/07\/Agenda_Social.webp\",\"contentUrl\":\"https:\/\/www.islabonitalovefestival.es\/wp-content\/uploads\/2024\/07\/Agenda_Social.webp\"},{\"@type\":\"BreadcrumbList\",\"@id\":\"https:\/\/www.islabonitalovefestival.es\/en\/social-agenda\/#breadcrumb\",\"itemListElement\":[{\"@type\":\"ListItem\",\"position\":1,\"name\":\"Portada\",\"item\":\"https:\/\/www.islabonitalovefestival.es\/en\/\"},{\"@type\":\"ListItem\",\"position\":2,\"name\":\"Social Agenda\"}]},{\"@type\":\"WebSite\",\"@id\":\"https:\/\/www.islabonitalovefestival.es\/#website\",\"url\":\"https:\/\/www.islabonitalovefestival.es\/\",\"name\":\"Isla Bonita Love Festival 2024\",\"description\":\"Festival de la multiculturalidad que se celebrar\u00e1 del 22 al 28 de julio de 2024 en La Palma\",\"publisher\":{\"@id\":\"https:\/\/www.islabonitalovefestival.es\/#organization\"},\"alternateName\":\"Love Festival 2024\",\"potentialAction\":[{\"@type\":\"SearchAction\",\"target\":{\"@type\":\"EntryPoint\",\"urlTemplate\":\"https:\/\/www.islabonitalovefestival.es\/?s={search_term_string}\"},\"query-input\":{\"@type\":\"PropertyValueSpecification\",\"valueRequired\":true,\"valueName\":\"search_term_string\"}}],\"inLanguage\":\"en-US\"},{\"@type\":\"Organization\",\"@id\":\"https:\/\/www.islabonitalovefestival.es\/#organization\",\"name\":\"Isla Bonita Love Festival La Palma 2024\",\"alternateName\":\"Love Festival\",\"url\":\"https:\/\/www.islabonitalovefestival.es\/\",\"logo\":{\"@type\":\"ImageObject\",\"inLanguage\":\"en-US\",\"@id\":\"https:\/\/www.islabonitalovefestival.es\/#\/schema\/logo\/image\/\",\"url\":\"https:\/\/www.islabonitalovefestival.es\/wp-content\/uploads\/2024\/03\/LF24_entrada.png\",\"contentUrl\":\"https:\/\/www.islabonitalovefestival.es\/wp-content\/uploads\/2024\/03\/LF24_entrada.png\",\"width\":800,\"height\":800,\"caption\":\"Isla Bonita Love Festival La Palma 2024\"},\"image\":{\"@id\":\"https:\/\/www.islabonitalovefestival.es\/#\/schema\/logo\/image\/\"},\"sameAs\":[\"https:\/\/www.facebook.com\/islabonitalovefestival\/\",\"https:\/\/x.com\/IslaBonitaLoveF\",\"https:\/\/www.instagram.com\/islabonitalovefest\/\",\"https:\/\/www.youtube.com\/channel\/UCT7DqYugOSkmQ9lWVL9UTJw\"],\"description\":\"Sociedad de Promoci\u00f3n y Desarrollo econ\u00f3mico y Social de La Palma, empresa p\u00fablica dependiente del Cabildo de La Palma\",\"email\":\"info@sodepal.es\",\"telephone\":\"922417323\",\"legalName\":\"Sociedad de Promoci\u00f3n y Desarrollo Econ\u00f3mico de la isla de La Palma S.A.U.\",\"publishingPrinciples\":\"https:\/\/www.islabonitalovefestival.es\/aviso-legal\/\",\"ownershipFundingInfo\":\"https:\/\/www.islabonitalovefestival.es\/aviso-legal\/\",\"actionableFeedbackPolicy\":\"https:\/\/www.islabonitalovefestival.es\/aviso-legal\/\",\"correctionsPolicy\":\"https:\/\/www.islabonitalovefestival.es\/aviso-legal\/\",\"ethicsPolicy\":\"https:\/\/www.islabonitalovefestival.es\/aviso-legal\/\",\"diversityPolicy\":\"https:\/\/www.islabonitalovefestival.es\/aviso-legal\/\",\"diversityStaffingReport\":\"https:\/\/www.islabonitalovefestival.es\/aviso-legal\/\"}]}<\/script>\n<!-- \/ Yoast SEO Premium plugin. -->","yoast_head_json":{"title":"Social Agenda - Isla Bonita Love Festival","robots":{"index":"index","follow":"follow","max-snippet":"max-snippet:-1","max-image-preview":"max-image-preview:large","max-video-preview":"max-video-preview:-1"},"canonical":"https:\/\/www.islabonitalovefestival.es\/en\/social-agenda\/","og_locale":"en_US","og_type":"article","og_title":"Social Agenda","og_description":"Tuesday 23 July 12:00 hours. Round table &#8220;Realidades insulares&#8221;, a diagnosis of the situation of the LGTBIQ+ collective in La Palma: advances, needs and commitments. Casa de la Cultura, Los Llanos de Aridane. 16:30 hours. Literary meeting with Bob Pop, Carla Antonelli and Tazarte. Casa de la Cultura, Los Llanos de Aridane. 18:30 hours. Conference ... Read more","og_url":"https:\/\/www.islabonitalovefestival.es\/en\/social-agenda\/","og_site_name":"Isla Bonita Love Festival","article_publisher":"https:\/\/www.facebook.com\/islabonitalovefestival\/","article_modified_time":"2024-07-25T07:32:57+00:00","og_image":[{"url":"https:\/\/www.islabonitalovefestival.es\/wp-content\/uploads\/2024\/07\/Agenda_Social.webp","type":"","width":"","height":""}],"twitter_card":"summary_large_image","twitter_site":"@IslaBonitaLoveF","schema":{"@context":"https:\/\/schema.org","@graph":[{"@type":"WebPage","@id":"https:\/\/www.islabonitalovefestival.es\/en\/social-agenda\/","url":"https:\/\/www.islabonitalovefestival.es\/en\/social-agenda\/","name":"Social Agenda - Isla Bonita Love Festival","isPartOf":{"@id":"https:\/\/www.islabonitalovefestival.es\/#website"},"primaryImageOfPage":{"@id":"https:\/\/www.islabonitalovefestival.es\/en\/social-agenda\/#primaryimage"},"image":{"@id":"https:\/\/www.islabonitalovefestival.es\/en\/social-agenda\/#primaryimage"},"thumbnailUrl":"https:\/\/www.islabonitalovefestival.es\/wp-content\/uploads\/2024\/07\/Agenda_Social.webp","datePublished":"2019-07-08T21:00:38+00:00","dateModified":"2024-07-25T07:32:57+00:00","breadcrumb":{"@id":"https:\/\/www.islabonitalovefestival.es\/en\/social-agenda\/#breadcrumb"},"inLanguage":"en-US","potentialAction":[{"@type":"ReadAction","target":["https:\/\/www.islabonitalovefestival.es\/en\/social-agenda\/"]}]},{"@type":"ImageObject","inLanguage":"en-US","@id":"https:\/\/www.islabonitalovefestival.es\/en\/social-agenda\/#primaryimage","url":"https:\/\/www.islabonitalovefestival.es\/wp-content\/uploads\/2024\/07\/Agenda_Social.webp","contentUrl":"https:\/\/www.islabonitalovefestival.es\/wp-content\/uploads\/2024\/07\/Agenda_Social.webp"},{"@type":"BreadcrumbList","@id":"https:\/\/www.islabonitalovefestival.es\/en\/social-agenda\/#breadcrumb","itemListElement":[{"@type":"ListItem","position":1,"name":"Portada","item":"https:\/\/www.islabonitalovefestival.es\/en\/"},{"@type":"ListItem","position":2,"name":"Social Agenda"}]},{"@type":"WebSite","@id":"https:\/\/www.islabonitalovefestival.es\/#website","url":"https:\/\/www.islabonitalovefestival.es\/","name":"Isla Bonita Love Festival 2024","description":"Festival de la multiculturalidad que se celebrar\u00e1 del 22 al 28 de julio de 2024 en La Palma","publisher":{"@id":"https:\/\/www.islabonitalovefestival.es\/#organization"},"alternateName":"Love Festival 2024","potentialAction":[{"@type":"SearchAction","target":{"@type":"EntryPoint","urlTemplate":"https:\/\/www.islabonitalovefestival.es\/?s={search_term_string}"},"query-input":{"@type":"PropertyValueSpecification","valueRequired":true,"valueName":"search_term_string"}}],"inLanguage":"en-US"},{"@type":"Organization","@id":"https:\/\/www.islabonitalovefestival.es\/#organization","name":"Isla Bonita Love Festival La Palma 2024","alternateName":"Love Festival","url":"https:\/\/www.islabonitalovefestival.es\/","logo":{"@type":"ImageObject","inLanguage":"en-US","@id":"https:\/\/www.islabonitalovefestival.es\/#\/schema\/logo\/image\/","url":"https:\/\/www.islabonitalovefestival.es\/wp-content\/uploads\/2024\/03\/LF24_entrada.png","contentUrl":"https:\/\/www.islabonitalovefestival.es\/wp-content\/uploads\/2024\/03\/LF24_entrada.png","width":800,"height":800,"caption":"Isla Bonita Love Festival La Palma 2024"},"image":{"@id":"https:\/\/www.islabonitalovefestival.es\/#\/schema\/logo\/image\/"},"sameAs":["https:\/\/www.facebook.com\/islabonitalovefestival\/","https:\/\/x.com\/IslaBonitaLoveF","https:\/\/www.instagram.com\/islabonitalovefest\/","https:\/\/www.youtube.com\/channel\/UCT7DqYugOSkmQ9lWVL9UTJw"],"description":"Sociedad de Promoci\u00f3n y Desarrollo econ\u00f3mico y Social de La Palma, empresa p\u00fablica dependiente del Cabildo de La Palma","email":"info@sodepal.es","telephone":"922417323","legalName":"Sociedad de Promoci\u00f3n y Desarrollo Econ\u00f3mico de la isla de La Palma S.A.U.","publishingPrinciples":"https:\/\/www.islabonitalovefestival.es\/aviso-legal\/","ownershipFundingInfo":"https:\/\/www.islabonitalovefestival.es\/aviso-legal\/","actionableFeedbackPolicy":"https:\/\/www.islabonitalovefestival.es\/aviso-legal\/","correctionsPolicy":"https:\/\/www.islabonitalovefestival.es\/aviso-legal\/","ethicsPolicy":"https:\/\/www.islabonitalovefestival.es\/aviso-legal\/","diversityPolicy":"https:\/\/www.islabonitalovefestival.es\/aviso-legal\/","diversityStaffingReport":"https:\/\/www.islabonitalovefestival.es\/aviso-legal\/"}]}},"_links":{"self":[{"href":"https:\/\/www.islabonitalovefestival.es\/en\/wp-json\/wp\/v2\/pages\/13366","targetHints":{"allow":["GET"]}}],"collection":[{"href":"https:\/\/www.islabonitalovefestival.es\/en\/wp-json\/wp\/v2\/pages"}],"about":[{"href":"https:\/\/www.islabonitalovefestival.es\/en\/wp-json\/wp\/v2\/types\/page"}],"author":[{"embeddable":true,"href":"https:\/\/www.islabonitalovefestival.es\/en\/wp-json\/wp\/v2\/users\/1"}],"replies":[{"embeddable":true,"href":"https:\/\/www.islabonitalovefestival.es\/en\/wp-json\/wp\/v2\/comments?post=13366"}],"version-history":[{"count":28,"href":"https:\/\/www.islabonitalovefestival.es\/en\/wp-json\/wp\/v2\/pages\/13366\/revisions"}],"predecessor-version":[{"id":18750,"href":"https:\/\/www.islabonitalovefestival.es\/en\/wp-json\/wp\/v2\/pages\/13366\/revisions\/18750"}],"wp:attachment":[{"href":"https:\/\/www.islabonitalovefestival.es\/en\/wp-json\/wp\/v2\/media?parent=13366"}],"curies":[{"name":"wp","href":"https:\/\/api.w.org\/{rel}","templated":true}]}}